{"id":18579,"date":"2024-03-11T16:21:44","date_gmt":"2024-03-11T16:21:44","guid":{"rendered":"https:\/\/www.sitema.de\/lentreprise\/actualites\/"},"modified":"2024-09-09T10:22:23","modified_gmt":"2024-09-09T10:22:23","slug":"actualites","status":"publish","type":"page","link":"https:\/\/www.sitema.de\/fr\/lentreprise\/actualites\/","title":{"rendered":"Actualit\u00e9s"},"content":{"rendered":"\n<section class=\"wp-block-group alignfull header-generic has-global-padding is-layout-constrained wp-block-group-is-layout-constrained\" id=\"header-generic\">\n<div class=\"wp-block-cover alignfull\" style=\"min-height:350px;aspect-ratio:unset;\"><span aria-hidden=\"true\" class=\"wp-block-cover__background has-background-dim-30 has-background-dim wp-block-cover__gradient-background has-background-gradient\" style=\"background:linear-gradient(90deg,rgb(128,128,128) 0%,rgba(0,0,0,0) 100%)\"><\/span><img decoding=\"async\" class=\"wp-block-cover__image-background wp-image-801\" alt=\"\" src=\"https:\/\/www.sitema.de\/wp-content\/themes\/sitema\/assets\/images\/custom-header.jpg\" style=\"object-position:50% 50%\" data-object-fit=\"cover\" data-object-position=\"50% 50%\"\/><div class=\"wp-block-cover__inner-container has-global-padding is-layout-constrained wp-block-cover-is-layout-constrained\">\n<h1 class=\"wp-block-heading has-text-align-left has-blue-20-color has-text-color has-title-h-1-font-size\">Actualit\u00e9s<\/h1>\n<\/div><\/div>\n<\/section>\n\r\n \r\n <section id=\"pattern-news-columns\" class=\"wp-block-group news-list has-global-padding is-layout-constrained wp-block-group-is-layout-constrained\">\r\n\r\n \r\n<div class=\"wp-block-group is-content-justification-space-between is-nowrap is-layout-flex wp-container-core-group-is-layout-fb593585 wp-block-group-is-layout-flex\" style=\"margin-bottom:var(--wp--preset--spacing--3-rem)\">\r\n<div class=\"wp-block-group has-global-padding is-content-justification-left is-layout-constrained wp-container-core-group-is-layout-12dd3699 wp-block-group-is-layout-constrained\">\r\n<h2 class=\"wp-block-heading\">Actualit\u00e9s<\/h2>\r\n\r\n\r\n\r\n<p style=\"margin-top:var(--wp--preset--spacing--0-5-rem)\">Actualit\u00e9s concernant SITEMA et nos produits.<\/p>\r\n<\/div>\r\n\r\n\r\n    \r\n    <div class=\"wp-block-buttons is-horizontal is-content-justification-left is-layout-flex wp-container-core-buttons-is-layout-20be11b6 wp-block-buttons-is-layout-flex\">\r\n        \r\n        <div class=\"wp-block-button\">\r\n            <a class=\"wp-block-button__link wp-element-button\" href=\"https:\/\/www.sitema.de\/fr\/lentreprise\/actualites\/\">Actualit\u00e9s<\/a>\r\n        <\/div>\r\n        \r\n\r\n        \r\n        <div class=\"wp-block-button is-style-outline is-style-outline--1\">\r\n            <a class=\"wp-block-button__link wp-element-button\" href=\"https:\/\/www.sitema.de\/fr\/lentreprise\/revue-de-la-presse\/\">Revue de la presse<\/a>\r\n        <\/div>\r\n        \r\n\r\n    <\/div>\r\n    \r\n\r\n<\/div>\r\n\r\n\r\n \r\n <div class=\"wp-block-columns is-layout-flex wp-container-core-columns-is-layout-28f84493 wp-block-columns-is-layout-flex\">\r\n        \r\n        <div class=\"wp-block-column has-white-background-color has-background is-layout-flow wp-container-core-column-is-layout-8a368f38 wp-block-column-is-layout-flow\">\r\n        <figure class=\"wp-block-image aligncenter size-large news-list__item__image\"><img decoding=\"async\" src=\"https:\/\/www.sitema.de\/wp-content\/uploads\/News\/metal_china_26.png\" alt=\"SITEMA at the Metal China 2026\" \/><\/figure>\r\n            \r\n    \r\n            \r\n            <div class=\"wp-block-group is-vertical is-layout-flex wp-container-core-group-is-layout-cb2acc6d wp-block-group-is-layout-flex\" style=\"padding-top:var(--wp--preset--spacing--1-5-rem);padding-right:var(--wp--preset--spacing--2-rem);padding-bottom:var(--wp--preset--spacing--1-5-rem);padding-left:var(--wp--preset--spacing--2-rem)\">\r\n                <div class=\"wp-block-group has-global-padding is-layout-constrained wp-block-group-is-layout-constrained\">\r\n                    \r\n                    <div class=\"wp-block-group is-nowrap is-layout-flex wp-container-core-group-is-layout-6c531013 wp-block-group-is-layout-flex\">\r\n                \r\n                    <div class=\"wp-block-group has-border-color has-global-padding is-layout-constrained wp-container-core-group-is-layout-ca37a9ac wp-block-group-is-layout-constrained\" style=\"border-color:var(--wp--custom--color--orange-50);border-width:1px;border-radius:12px;padding-right:16px;padding-left:16px\">\r\n                        <span class=\"has-orange-50-color has-text-color\" style=\"font-size:12px;line-height:2\">News<\/span>\r\n                        \r\n                    <\/div>\r\n                    \r\n        \r\n        <p class=\"has-text-align-right has-blue-20-color has-text-color wp-container-content-9cfa9a5a\" style=\"font-size:12px;line-height:2\">09.04.2026<\/p>\r\n        \r\n    <\/div>\r\n    \r\n\r\n    \r\n    <h5 class=\"wp-block-heading has-blue-20-color has-text-color\"><strong><a class=\"has-blue-20-color my-element-button\" href=\"https:\/\/www.sitema.de\/fr\/lentreprise\/actualites\/sitema-at-the-metal-china-2026\/\"  title=\"Voir les nouvelles SITEMA at the Metal China 2026\" >SITEMA at the Metal China 2026<\/a><\/strong><\/h5>\r\n    \r\n\r\n    \r\n    <p class=\"limit-height-3-lines\" style=\"font-size:12px\">From May 6 to 9, 2026, SITEMA will be exhibiting at the 24th China International Foundry Exhibition (METAL CHINA) \/ the 19th China International Die Casting Industry Exhibition (DIECASTING CHINA) in Shanghai. Visit us at booth 2C68-2 and talk to our experts about safety applications in casting and metal forming machinery. At our booth, you [&hellip;]<\/p>\r\n    \r\n<\/div>\r\n\r\n            \r\n            <div class=\"wp-block-buttons is-layout-flex wp-block-buttons-is-layout-flex\">\r\n            <\/div>\r\n            \r\n\r\n<\/div>\r\n\r\n<\/div>\r\n\r\n        \r\n        <div class=\"wp-block-column has-white-background-color has-background is-layout-flow wp-container-core-column-is-layout-8a368f38 wp-block-column-is-layout-flow\">\r\n        <figure class=\"wp-block-image aligncenter size-large news-list__item__image\"><img decoding=\"async\" src=\"https:\/\/www.sitema.de\/wp-content\/uploads\/news\/euroguss_2026_sitema_e-1024x535.jpg\" alt=\"SITEMA at the Euroguss\" \/><\/figure>\r\n            \r\n    \r\n            \r\n            <div class=\"wp-block-group is-vertical is-layout-flex wp-container-core-group-is-layout-cb2acc6d wp-block-group-is-layout-flex\" style=\"padding-top:var(--wp--preset--spacing--1-5-rem);padding-right:var(--wp--preset--spacing--2-rem);padding-bottom:var(--wp--preset--spacing--1-5-rem);padding-left:var(--wp--preset--spacing--2-rem)\">\r\n                <div class=\"wp-block-group has-global-padding is-layout-constrained wp-block-group-is-layout-constrained\">\r\n                    \r\n                    <div class=\"wp-block-group is-nowrap is-layout-flex wp-container-core-group-is-layout-6c531013 wp-block-group-is-layout-flex\">\r\n                \r\n                    <div class=\"wp-block-group has-border-color has-global-padding is-layout-constrained wp-container-core-group-is-layout-ca37a9ac wp-block-group-is-layout-constrained\" style=\"border-color:var(--wp--custom--color--orange-50);border-width:1px;border-radius:12px;padding-right:16px;padding-left:16px\">\r\n                        <span class=\"has-orange-50-color has-text-color\" style=\"font-size:12px;line-height:2\">News<\/span>\r\n                        \r\n                    <\/div>\r\n                    \r\n        \r\n        <p class=\"has-text-align-right has-blue-20-color has-text-color wp-container-content-9cfa9a5a\" style=\"font-size:12px;line-height:2\">18.12.2025<\/p>\r\n        \r\n    <\/div>\r\n    \r\n\r\n    \r\n    <h5 class=\"wp-block-heading has-blue-20-color has-text-color\"><strong><a class=\"has-blue-20-color my-element-button\" href=\"https:\/\/www.sitema.de\/fr\/lentreprise\/actualites\/sitema-at-the-euroguss\/\"  title=\"Voir les nouvelles SITEMA at the Euroguss\" >SITEMA at the Euroguss<\/a><\/strong><\/h5>\r\n    \r\n\r\n    \r\n    <p class=\"limit-height-3-lines\" style=\"font-size:12px\">From January 13th to 15th, SITEMA will be exhibiting at Euroguss in Nuremberg. Visit us at our booth, Hall 4A-109. We look forward to engaging in interesting discussions with everyone who is interested in our products, and with our existing clients, many of whom will also be exhibiting at Euroguss. There&rsquo;s a good chance we&rsquo;ll [&hellip;]<\/p>\r\n    \r\n<\/div>\r\n\r\n            \r\n            <div class=\"wp-block-buttons is-layout-flex wp-block-buttons-is-layout-flex\">\r\n            <\/div>\r\n            \r\n\r\n<\/div>\r\n\r\n<\/div>\r\n\r\n        \r\n        <div class=\"wp-block-column has-white-background-color has-background is-layout-flow wp-container-core-column-is-layout-8a368f38 wp-block-column-is-layout-flow\">\r\n        <figure class=\"wp-block-image aligncenter size-large news-list__item__image\"><img decoding=\"async\" src=\"https:\/\/www.sitema.de\/wp-content\/uploads\/news\/20250625_133215-710x1024.jpg\" alt=\"automatica 2025, Munich\" \/><\/figure>\r\n            \r\n    \r\n            \r\n            <div class=\"wp-block-group is-vertical is-layout-flex wp-container-core-group-is-layout-cb2acc6d wp-block-group-is-layout-flex\" style=\"padding-top:var(--wp--preset--spacing--1-5-rem);padding-right:var(--wp--preset--spacing--2-rem);padding-bottom:var(--wp--preset--spacing--1-5-rem);padding-left:var(--wp--preset--spacing--2-rem)\">\r\n                <div class=\"wp-block-group has-global-padding is-layout-constrained wp-block-group-is-layout-constrained\">\r\n                    \r\n                    <div class=\"wp-block-group is-nowrap is-layout-flex wp-container-core-group-is-layout-6c531013 wp-block-group-is-layout-flex\">\r\n                \r\n                    <div class=\"wp-block-group has-border-color has-global-padding is-layout-constrained wp-container-core-group-is-layout-ca37a9ac wp-block-group-is-layout-constrained\" style=\"border-color:var(--wp--custom--color--orange-50);border-width:1px;border-radius:12px;padding-right:16px;padding-left:16px\">\r\n                        <span class=\"has-orange-50-color has-text-color\" style=\"font-size:12px;line-height:2\">News<\/span>\r\n                        \r\n                    <\/div>\r\n                    \r\n        \r\n        <p class=\"has-text-align-right has-blue-20-color has-text-color wp-container-content-9cfa9a5a\" style=\"font-size:12px;line-height:2\">02.07.2025<\/p>\r\n        \r\n    <\/div>\r\n    \r\n\r\n    \r\n    <h5 class=\"wp-block-heading has-blue-20-color has-text-color\"><strong><a class=\"has-blue-20-color my-element-button\" href=\"https:\/\/www.sitema.de\/fr\/lentreprise\/actualites\/automatica-2025-munich\/\"  title=\"Voir les nouvelles automatica 2025, Munich\" >automatica 2025, Munich<\/a><\/strong><\/h5>\r\n    \r\n\r\n    \r\n    <p class=\"limit-height-3-lines\" style=\"font-size:12px\">A big thank you to the many visitors to our booth at automatica 2025 in Munich and for the intensive and fruitful discussions! From June 24th to 27th, we presented not only our standard clamping heads but also numerous new products at the trade show. In particular, the fully electric KSE Safety Brake and the [&hellip;]<\/p>\r\n    \r\n<\/div>\r\n\r\n            \r\n            <div class=\"wp-block-buttons is-layout-flex wp-block-buttons-is-layout-flex\">\r\n            <\/div>\r\n            \r\n\r\n<\/div>\r\n\r\n<\/div>\r\n\r\n        \r\n        <div class=\"wp-block-column has-white-background-color has-background is-layout-flow wp-container-core-column-is-layout-8a368f38 wp-block-column-is-layout-flow\">\r\n        <figure class=\"wp-block-image aligncenter size-large news-list__item__image\"><img decoding=\"async\" src=\"https:\/\/www.sitema.de\/wp-content\/uploads\/news\/SiRail_news.jpg\" alt=\"On the rails\" \/><\/figure>\r\n            \r\n    \r\n            \r\n            <div class=\"wp-block-group is-vertical is-layout-flex wp-container-core-group-is-layout-cb2acc6d wp-block-group-is-layout-flex\" style=\"padding-top:var(--wp--preset--spacing--1-5-rem);padding-right:var(--wp--preset--spacing--2-rem);padding-bottom:var(--wp--preset--spacing--1-5-rem);padding-left:var(--wp--preset--spacing--2-rem)\">\r\n                <div class=\"wp-block-group has-global-padding is-layout-constrained wp-block-group-is-layout-constrained\">\r\n                    \r\n                    <div class=\"wp-block-group is-nowrap is-layout-flex wp-container-core-group-is-layout-6c531013 wp-block-group-is-layout-flex\">\r\n                \r\n                    <div class=\"wp-block-group has-border-color has-global-padding is-layout-constrained wp-container-core-group-is-layout-ca37a9ac wp-block-group-is-layout-constrained\" style=\"border-color:var(--wp--custom--color--orange-50);border-width:1px;border-radius:12px;padding-right:16px;padding-left:16px\">\r\n                        <span class=\"has-orange-50-color has-text-color\" style=\"font-size:12px;line-height:2\">News<\/span>\r\n                        \r\n                    <\/div>\r\n                    \r\n        \r\n        <p class=\"has-text-align-right has-blue-20-color has-text-color wp-container-content-9cfa9a5a\" style=\"font-size:12px;line-height:2\">08.10.2024<\/p>\r\n        \r\n    <\/div>\r\n    \r\n\r\n    \r\n    <h5 class=\"wp-block-heading has-blue-20-color has-text-color\"><strong><a class=\"has-blue-20-color my-element-button\" href=\"https:\/\/www.sitema.de\/fr\/lentreprise\/actualites\/on-the-rails\/\"  title=\"Voir les nouvelles On the rails\" >On the rails<\/a><\/strong><\/h5>\r\n    \r\n\r\n    \r\n    <p class=\"limit-height-3-lines\" style=\"font-size:12px\">We have often been asked recently whether we can clamp on rails instead of the usual cylindrical rods. We have taken this to heart and developed a Safety Catcher for standard rails (e.g. T89\/B), which we have presented to the public at this year&rsquo;s MOTEK. The new product group will be called SiRail and will [&hellip;]<\/p>\r\n    \r\n<\/div>\r\n\r\n            \r\n            <div class=\"wp-block-buttons is-layout-flex wp-block-buttons-is-layout-flex\">\r\n            <\/div>\r\n            \r\n\r\n<\/div>\r\n\r\n<\/div>\r\n\r\n        \r\n        <div class=\"wp-block-column has-white-background-color has-background is-layout-flow wp-container-core-column-is-layout-8a368f38 wp-block-column-is-layout-flow\">\r\n        <figure class=\"wp-block-image aligncenter size-large news-list__item__image\"><img decoding=\"async\" src=\"https:\/\/www.sitema.de\/wp-content\/uploads\/news\/SiRope_10kN_News.jpg\" alt=\"SITEMA knows the ropes\" \/><\/figure>\r\n            \r\n    \r\n            \r\n            <div class=\"wp-block-group is-vertical is-layout-flex wp-container-core-group-is-layout-cb2acc6d wp-block-group-is-layout-flex\" style=\"padding-top:var(--wp--preset--spacing--1-5-rem);padding-right:var(--wp--preset--spacing--2-rem);padding-bottom:var(--wp--preset--spacing--1-5-rem);padding-left:var(--wp--preset--spacing--2-rem)\">\r\n                <div class=\"wp-block-group has-global-padding is-layout-constrained wp-block-group-is-layout-constrained\">\r\n                    \r\n                    <div class=\"wp-block-group is-nowrap is-layout-flex wp-container-core-group-is-layout-6c531013 wp-block-group-is-layout-flex\">\r\n                \r\n                    <div class=\"wp-block-group has-border-color has-global-padding is-layout-constrained wp-container-core-group-is-layout-ca37a9ac wp-block-group-is-layout-constrained\" style=\"border-color:var(--wp--custom--color--orange-50);border-width:1px;border-radius:12px;padding-right:16px;padding-left:16px\">\r\n                        <span class=\"has-orange-50-color has-text-color\" style=\"font-size:12px;line-height:2\">News<\/span>\r\n                        \r\n                    <\/div>\r\n                    \r\n        \r\n        <p class=\"has-text-align-right has-blue-20-color has-text-color wp-container-content-9cfa9a5a\" style=\"font-size:12px;line-height:2\">07.10.2024<\/p>\r\n        \r\n    <\/div>\r\n    \r\n\r\n    \r\n    <h5 class=\"wp-block-heading has-blue-20-color has-text-color\"><strong><a class=\"has-blue-20-color my-element-button\" href=\"https:\/\/www.sitema.de\/fr\/lentreprise\/actualites\/sitema-knows-the-ropes\/\"  title=\"Voir les nouvelles SITEMA knows the ropes\" >SITEMA knows the ropes<\/a><\/strong><\/h5>\r\n    \r\n\r\n    \r\n    <p class=\"limit-height-3-lines\" style=\"font-size:12px\">SITEMA has always been known for exclusively clamping on round rods, but this has changed with this year&rsquo;s MOTEK. At the trade fair, we have presented our new Safety Catcher for steel wire ropes, which can be used to secure loads of up to 10 kN (including safety factor two) on a steel cable or [&hellip;]<\/p>\r\n    \r\n<\/div>\r\n\r\n            \r\n            <div class=\"wp-block-buttons is-layout-flex wp-block-buttons-is-layout-flex\">\r\n            <\/div>\r\n            \r\n\r\n<\/div>\r\n\r\n<\/div>\r\n\r\n        \r\n        <div class=\"wp-block-column has-white-background-color has-background is-layout-flow wp-container-core-column-is-layout-8a368f38 wp-block-column-is-layout-flow\">\r\n        <figure class=\"wp-block-image aligncenter size-large news-list__item__image\"><img decoding=\"async\" src=\"https:\/\/www.sitema.de\/wp-content\/uploads\/news\/KSESiBox-1024x920.png\" alt=\"Fully electric Safety Brake KSE\" \/><\/figure>\r\n            \r\n    \r\n            \r\n            <div class=\"wp-block-group is-vertical is-layout-flex wp-container-core-group-is-layout-cb2acc6d wp-block-group-is-layout-flex\" style=\"padding-top:var(--wp--preset--spacing--1-5-rem);padding-right:var(--wp--preset--spacing--2-rem);padding-bottom:var(--wp--preset--spacing--1-5-rem);padding-left:var(--wp--preset--spacing--2-rem)\">\r\n                <div class=\"wp-block-group has-global-padding is-layout-constrained wp-block-group-is-layout-constrained\">\r\n                    \r\n                    <div class=\"wp-block-group is-nowrap is-layout-flex wp-container-core-group-is-layout-6c531013 wp-block-group-is-layout-flex\">\r\n                \r\n                    <div class=\"wp-block-group has-border-color has-global-padding is-layout-constrained wp-container-core-group-is-layout-ca37a9ac wp-block-group-is-layout-constrained\" style=\"border-color:var(--wp--custom--color--orange-50);border-width:1px;border-radius:12px;padding-right:16px;padding-left:16px\">\r\n                        <span class=\"has-orange-50-color has-text-color\" style=\"font-size:12px;line-height:2\">News<\/span>\r\n                        \r\n                    <\/div>\r\n                    \r\n        \r\n        <p class=\"has-text-align-right has-blue-20-color has-text-color wp-container-content-9cfa9a5a\" style=\"font-size:12px;line-height:2\">18.09.2024<\/p>\r\n        \r\n    <\/div>\r\n    \r\n\r\n    \r\n    <h5 class=\"wp-block-heading has-blue-20-color has-text-color\"><strong><a class=\"has-blue-20-color my-element-button\" href=\"https:\/\/www.sitema.de\/fr\/lentreprise\/actualites\/fully-electric-safety-brake-kse\/\"  title=\"Voir les nouvelles Fully electric Safety Brake KSE\" >Fully electric Safety Brake KSE<\/a><\/strong><\/h5>\r\n    \r\n\r\n    \r\n    <p class=\"limit-height-3-lines\" style=\"font-size:12px\">At this year&rsquo;s trade show MOTEK in Stuttgart from October 8th to 11th, SITEMA has presented a world first: the fully electric safety brake KSE. It can be used to secure loads of up to one ton 100% electrically. The T\u00dcV-tested safety concept enables use in applications up to Performance Level e. For the market [&hellip;]<\/p>\r\n    \r\n<\/div>\r\n\r\n            \r\n            <div class=\"wp-block-buttons is-layout-flex wp-block-buttons-is-layout-flex\">\r\n            <\/div>\r\n            \r\n\r\n<\/div>\r\n\r\n<\/div>\r\n\r\n        \r\n        <div class=\"wp-block-column has-white-background-color has-background is-layout-flow wp-container-core-column-is-layout-8a368f38 wp-block-column-is-layout-flow\">\r\n        <figure class=\"wp-block-image aligncenter size-large news-list__item__image\"><img decoding=\"async\" src=\"https:\/\/www.sitema.de\/wp-content\/uploads\/news\/news_seilkl.png\" alt=\"Automation on thin wire ropes\" \/><\/figure>\r\n            \r\n    \r\n            \r\n            <div class=\"wp-block-group is-vertical is-layout-flex wp-container-core-group-is-layout-cb2acc6d wp-block-group-is-layout-flex\" style=\"padding-top:var(--wp--preset--spacing--1-5-rem);padding-right:var(--wp--preset--spacing--2-rem);padding-bottom:var(--wp--preset--spacing--1-5-rem);padding-left:var(--wp--preset--spacing--2-rem)\">\r\n                <div class=\"wp-block-group has-global-padding is-layout-constrained wp-block-group-is-layout-constrained\">\r\n                    \r\n                    <div class=\"wp-block-group is-nowrap is-layout-flex wp-container-core-group-is-layout-6c531013 wp-block-group-is-layout-flex\">\r\n                \r\n                    <div class=\"wp-block-group has-border-color has-global-padding is-layout-constrained wp-container-core-group-is-layout-ca37a9ac wp-block-group-is-layout-constrained\" style=\"border-color:var(--wp--custom--color--orange-50);border-width:1px;border-radius:12px;padding-right:16px;padding-left:16px\">\r\n                        <span class=\"has-orange-50-color has-text-color\" style=\"font-size:12px;line-height:2\">News<\/span>\r\n                        \r\n                    <\/div>\r\n                    \r\n        \r\n        <p class=\"has-text-align-right has-blue-20-color has-text-color wp-container-content-9cfa9a5a\" style=\"font-size:12px;line-height:2\">17.09.2024<\/p>\r\n        \r\n    <\/div>\r\n    \r\n\r\n    \r\n    <h5 class=\"wp-block-heading has-blue-20-color has-text-color\"><strong><a class=\"has-blue-20-color my-element-button\" href=\"https:\/\/www.sitema.de\/fr\/lentreprise\/actualites\/holding-thin-steel-wire-ropes\/\"  title=\"Voir les nouvelles Automation on thin wire ropes\" >Automation on thin wire ropes<\/a><\/strong><\/h5>\r\n    \r\n\r\n    \r\n    <p class=\"limit-height-3-lines\" style=\"font-size:12px\">As part of a development project for a customer, SITEMA is moving away from the usual round rod and is now clamping thin wire ropes. We have developed an electrically driven special clamp that can hold onto thin wire ropes, generating a holding force of 200 N on a rope with a diameter of 3 [&hellip;]<\/p>\r\n    \r\n<\/div>\r\n\r\n            \r\n            <div class=\"wp-block-buttons is-layout-flex wp-block-buttons-is-layout-flex\">\r\n            <\/div>\r\n            \r\n\r\n<\/div>\r\n\r\n<\/div>\r\n\r\n        \r\n        <div class=\"wp-block-column has-white-background-color has-background is-layout-flow wp-container-core-column-is-layout-8a368f38 wp-block-column-is-layout-flow\">\r\n        <figure class=\"wp-block-image aligncenter size-large news-list__item__image\"><img decoding=\"async\" src=\"https:\/\/www.sitema.de\/wp-content\/uploads\/news\/website_screenshot_2024-09-16-1024x658.jpg\" alt=\"New look for SITEMA&rsquo;s website\" \/><\/figure>\r\n            \r\n    \r\n            \r\n            <div class=\"wp-block-group is-vertical is-layout-flex wp-container-core-group-is-layout-cb2acc6d wp-block-group-is-layout-flex\" style=\"padding-top:var(--wp--preset--spacing--1-5-rem);padding-right:var(--wp--preset--spacing--2-rem);padding-bottom:var(--wp--preset--spacing--1-5-rem);padding-left:var(--wp--preset--spacing--2-rem)\">\r\n                <div class=\"wp-block-group has-global-padding is-layout-constrained wp-block-group-is-layout-constrained\">\r\n                    \r\n                    <div class=\"wp-block-group is-nowrap is-layout-flex wp-container-core-group-is-layout-6c531013 wp-block-group-is-layout-flex\">\r\n                \r\n                    <div class=\"wp-block-group has-border-color has-global-padding is-layout-constrained wp-container-core-group-is-layout-ca37a9ac wp-block-group-is-layout-constrained\" style=\"border-color:var(--wp--custom--color--orange-50);border-width:1px;border-radius:12px;padding-right:16px;padding-left:16px\">\r\n                        <span class=\"has-orange-50-color has-text-color\" style=\"font-size:12px;line-height:2\">News<\/span>\r\n                        \r\n                    <\/div>\r\n                    \r\n        \r\n        <p class=\"has-text-align-right has-blue-20-color has-text-color wp-container-content-9cfa9a5a\" style=\"font-size:12px;line-height:2\">16.09.2024<\/p>\r\n        \r\n    <\/div>\r\n    \r\n\r\n    \r\n    <h5 class=\"wp-block-heading has-blue-20-color has-text-color\"><strong><a class=\"has-blue-20-color my-element-button\" href=\"https:\/\/www.sitema.de\/fr\/lentreprise\/actualites\/new-sitema-website-2\/\"  title=\"Voir les nouvelles New look for SITEMA&rsquo;s website\" >New look for SITEMA&rsquo;s website<\/a><\/strong><\/h5>\r\n    \r\n\r\n    \r\n    <p class=\"limit-height-3-lines\" style=\"font-size:12px\">Welcome to the new SITEMA website It has already been several years since our website had a new look, so now is the time for something new. During this time, many things have changed on the technical side as well, so we have not only given the website a contemporary look, but have also improved [&hellip;]<\/p>\r\n    \r\n<\/div>\r\n\r\n            \r\n            <div class=\"wp-block-buttons is-layout-flex wp-block-buttons-is-layout-flex\">\r\n            <\/div>\r\n            \r\n\r\n<\/div>\r\n\r\n<\/div>\r\n\r\n        \r\n        <div class=\"wp-block-column has-white-background-color has-background is-layout-flow wp-container-core-column-is-layout-8a368f38 wp-block-column-is-layout-flow\">\r\n        <figure class=\"wp-block-image aligncenter size-large news-list__item__image\"><img decoding=\"async\" src=\"https:\/\/www.sitema.de\/wp-content\/uploads\/news\/kfpc421.png\" alt=\"Smaller and stronger!\" \/><\/figure>\r\n            \r\n    \r\n            \r\n            <div class=\"wp-block-group is-vertical is-layout-flex wp-container-core-group-is-layout-cb2acc6d wp-block-group-is-layout-flex\" style=\"padding-top:var(--wp--preset--spacing--1-5-rem);padding-right:var(--wp--preset--spacing--2-rem);padding-bottom:var(--wp--preset--spacing--1-5-rem);padding-left:var(--wp--preset--spacing--2-rem)\">\r\n                <div class=\"wp-block-group has-global-padding is-layout-constrained wp-block-group-is-layout-constrained\">\r\n                    \r\n                    <div class=\"wp-block-group is-nowrap is-layout-flex wp-container-core-group-is-layout-6c531013 wp-block-group-is-layout-flex\">\r\n                \r\n                    <div class=\"wp-block-group has-border-color has-global-padding is-layout-constrained wp-container-core-group-is-layout-ca37a9ac wp-block-group-is-layout-constrained\" style=\"border-color:var(--wp--custom--color--orange-50);border-width:1px;border-radius:12px;padding-right:16px;padding-left:16px\">\r\n                        <span class=\"has-orange-50-color has-text-color\" style=\"font-size:12px;line-height:2\">News<\/span>\r\n                        \r\n                    <\/div>\r\n                    \r\n        \r\n        <p class=\"has-text-align-right has-blue-20-color has-text-color wp-container-content-9cfa9a5a\" style=\"font-size:12px;line-height:2\">31.05.2023<\/p>\r\n        \r\n    <\/div>\r\n    \r\n\r\n    \r\n    <h5 class=\"wp-block-heading has-blue-20-color has-text-color\"><strong><a class=\"has-blue-20-color my-element-button\" href=\"https:\/\/www.sitema.de\/fr\/lentreprise\/actualites\/smaller-and-stronger\/\"  title=\"Voir les nouvelles Smaller and stronger!\" >Smaller and stronger!<\/a><\/strong><\/h5>\r\n    \r\n\r\n    \r\n    <p class=\"limit-height-3-lines\" style=\"font-size:12px\">Improved Locking Unit series KFPC Improvement of reliable technology &#8211; SITEMA has completely re-worked the pneumatic Locking Unit series KFPC. It is now built much more compact, and stronger at the same time. Compared with the old series, it is up to 80% stronger and up to 50% smaller in volume. The lifetime has been [&hellip;]<\/p>\r\n    \r\n<\/div>\r\n\r\n            \r\n            <div class=\"wp-block-buttons is-layout-flex wp-block-buttons-is-layout-flex\">\r\n            <\/div>\r\n            \r\n\r\n<\/div>\r\n\r\n<\/div>\r\n\r\n        \r\n        <div class=\"wp-block-column has-white-background-color has-background is-layout-flow wp-container-core-column-is-layout-8a368f38 wp-block-column-is-layout-flow\">\r\n        <figure class=\"wp-block-image aligncenter size-large news-list__item__image\"><img decoding=\"async\" src=\"https:\/\/www.sitema.de\/wp-content\/uploads\/news\/IFPE_2023.png\" alt=\"IFPE 2023 Las Vegas, USA\" \/><\/figure>\r\n            \r\n    \r\n            \r\n            <div class=\"wp-block-group is-vertical is-layout-flex wp-container-core-group-is-layout-cb2acc6d wp-block-group-is-layout-flex\" style=\"padding-top:var(--wp--preset--spacing--1-5-rem);padding-right:var(--wp--preset--spacing--2-rem);padding-bottom:var(--wp--preset--spacing--1-5-rem);padding-left:var(--wp--preset--spacing--2-rem)\">\r\n                <div class=\"wp-block-group has-global-padding is-layout-constrained wp-block-group-is-layout-constrained\">\r\n                    \r\n                    <div class=\"wp-block-group is-nowrap is-layout-flex wp-container-core-group-is-layout-6c531013 wp-block-group-is-layout-flex\">\r\n                \r\n                    <div class=\"wp-block-group has-border-color has-global-padding is-layout-constrained wp-container-core-group-is-layout-ca37a9ac wp-block-group-is-layout-constrained\" style=\"border-color:var(--wp--custom--color--orange-50);border-width:1px;border-radius:12px;padding-right:16px;padding-left:16px\">\r\n                        <span class=\"has-orange-50-color has-text-color\" style=\"font-size:12px;line-height:2\">News<\/span>\r\n                        \r\n                    <\/div>\r\n                    \r\n        \r\n        <p class=\"has-text-align-right has-blue-20-color has-text-color wp-container-content-9cfa9a5a\" style=\"font-size:12px;line-height:2\">16.03.2023<\/p>\r\n        \r\n    <\/div>\r\n    \r\n\r\n    \r\n    <h5 class=\"wp-block-heading has-blue-20-color has-text-color\"><strong><a class=\"has-blue-20-color my-element-button\" href=\"https:\/\/www.sitema.de\/fr\/lentreprise\/actualites\/ifpe-2023-las-vegas-usa\/\"  title=\"Voir les nouvelles IFPE 2023 Las Vegas, USA\" >IFPE 2023 Las Vegas, USA<\/a><\/strong><\/h5>\r\n    \r\n\r\n    \r\n    <p class=\"limit-height-3-lines\" style=\"font-size:12px\">SITEMA and AME exhibited together at IFPE 2023 in Las Vegas, USA. Thanks to everybody who visited us at our booth. What:\u00a0The International Fluid Power Exposition (IFPE 2023) When:\u00a0Tuesday, March 14 &#8211; Saturday, March 18, 2023 Where:\u00a0Las Vegas Convention Center 3150 Paradise Rd. | Las Vegas, NV 89109 Details:\u00a0IFPE brings together the fluid power, power [&hellip;]<\/p>\r\n    \r\n<\/div>\r\n\r\n            \r\n            <div class=\"wp-block-buttons is-layout-flex wp-block-buttons-is-layout-flex\">\r\n            <\/div>\r\n            \r\n\r\n<\/div>\r\n\r\n<\/div>\r\n\r\n        \r\n        <div class=\"wp-block-column has-white-background-color has-background is-layout-flow wp-container-core-column-is-layout-8a368f38 wp-block-column-is-layout-flow\">\r\n        <figure class=\"wp-block-image aligncenter size-large news-list__item__image\"><img decoding=\"async\" src=\"https:\/\/www.sitema.de\/wp-content\/uploads\/news\/sid_f.png\" alt=\"\u00ab\u00a0Sid\u00a0\u00bb explique\" \/><\/figure>\r\n            \r\n    \r\n            \r\n            <div class=\"wp-block-group is-vertical is-layout-flex wp-container-core-group-is-layout-cb2acc6d wp-block-group-is-layout-flex\" style=\"padding-top:var(--wp--preset--spacing--1-5-rem);padding-right:var(--wp--preset--spacing--2-rem);padding-bottom:var(--wp--preset--spacing--1-5-rem);padding-left:var(--wp--preset--spacing--2-rem)\">\r\n                <div class=\"wp-block-group has-global-padding is-layout-constrained wp-block-group-is-layout-constrained\">\r\n                    \r\n                    <div class=\"wp-block-group is-nowrap is-layout-flex wp-container-core-group-is-layout-6c531013 wp-block-group-is-layout-flex\">\r\n                \r\n                    <div class=\"wp-block-group has-border-color has-global-padding is-layout-constrained wp-container-core-group-is-layout-ca37a9ac wp-block-group-is-layout-constrained\" style=\"border-color:var(--wp--custom--color--orange-50);border-width:1px;border-radius:12px;padding-right:16px;padding-left:16px\">\r\n                        <span class=\"has-orange-50-color has-text-color\" style=\"font-size:12px;line-height:2\">Actualit\u00e9s<\/span>\r\n                        \r\n                    <\/div>\r\n                    \r\n        \r\n        <p class=\"has-text-align-right has-blue-20-color has-text-color wp-container-content-9cfa9a5a\" style=\"font-size:12px;line-height:2\">24.06.2022<\/p>\r\n        \r\n    <\/div>\r\n    \r\n\r\n    \r\n    <h5 class=\"wp-block-heading has-blue-20-color has-text-color\"><strong><a class=\"has-blue-20-color my-element-button\" href=\"https:\/\/www.sitema.de\/fr\/lentreprise\/actualites\/sid-explique\/\"  title=\"Voir les nouvelles \u00ab\u00a0Sid\u00a0\u00bb explique\" >\u00ab\u00a0Sid\u00a0\u00bb explique<\/a><\/strong><\/h5>\r\n    \r\n\r\n    \r\n    <p class=\"limit-height-3-lines\" style=\"font-size:12px\">Sur le nouveau site web \u00ab\u00a0scrollytelling\u00a0\u00bb de SITEMA, notre mascotte Sid explique les t\u00eates de serrage. Depuis 1979, SITEMA produit des T\u00eates de Serrage de toutes tailles. Mais qu&rsquo;est-ce que c&rsquo;est vraiment, une T\u00eate de Serrage ? Et qu&rsquo;est-ce qu&rsquo;on fait avec ? Qui n&rsquo;a jamais entendu ce mot, et \u00e0 qui l&rsquo;expression \u00ab\u00a0frein lin\u00e9aire\u00a0\u00bb [&hellip;]<\/p>\r\n    \r\n<\/div>\r\n\r\n            \r\n            <div class=\"wp-block-buttons is-layout-flex wp-block-buttons-is-layout-flex\">\r\n            <\/div>\r\n            \r\n\r\n<\/div>\r\n\r\n<\/div>\r\n\r\n        \r\n        <div class=\"wp-block-column has-white-background-color has-background is-layout-flow wp-container-core-column-is-layout-8a368f38 wp-block-column-is-layout-flow\">\r\n        <figure class=\"wp-block-image aligncenter size-large news-list__item__image\"><img decoding=\"async\" src=\"https:\/\/www.sitema.de\/wp-content\/uploads\/news\/news_qr_ksp.jpg\" alt=\"Notice d&rsquo;utilisation en ligne\" \/><\/figure>\r\n            \r\n    \r\n            \r\n            <div class=\"wp-block-group is-vertical is-layout-flex wp-container-core-group-is-layout-cb2acc6d wp-block-group-is-layout-flex\" style=\"padding-top:var(--wp--preset--spacing--1-5-rem);padding-right:var(--wp--preset--spacing--2-rem);padding-bottom:var(--wp--preset--spacing--1-5-rem);padding-left:var(--wp--preset--spacing--2-rem)\">\r\n                <div class=\"wp-block-group has-global-padding is-layout-constrained wp-block-group-is-layout-constrained\">\r\n                    \r\n                    <div class=\"wp-block-group is-nowrap is-layout-flex wp-container-core-group-is-layout-6c531013 wp-block-group-is-layout-flex\">\r\n                \r\n                    <div class=\"wp-block-group has-border-color has-global-padding is-layout-constrained wp-container-core-group-is-layout-ca37a9ac wp-block-group-is-layout-constrained\" style=\"border-color:var(--wp--custom--color--orange-50);border-width:1px;border-radius:12px;padding-right:16px;padding-left:16px\">\r\n                        <span class=\"has-orange-50-color has-text-color\" style=\"font-size:12px;line-height:2\">Actualit\u00e9s<\/span>\r\n                        \r\n                    <\/div>\r\n                    \r\n        \r\n        <p class=\"has-text-align-right has-blue-20-color has-text-color wp-container-content-9cfa9a5a\" style=\"font-size:12px;line-height:2\">25.02.2022<\/p>\r\n        \r\n    <\/div>\r\n    \r\n\r\n    \r\n    <h5 class=\"wp-block-heading has-blue-20-color has-text-color\"><strong><a class=\"has-blue-20-color my-element-button\" href=\"https:\/\/www.sitema.de\/fr\/lentreprise\/actualites\/notice-dutilisation-en-ligne\/\"  title=\"Voir les nouvelles Notice d&rsquo;utilisation en ligne\" >Notice d&rsquo;utilisation en ligne<\/a><\/strong><\/h5>\r\n    \r\n\r\n    \r\n    <p class=\"limit-height-3-lines\" style=\"font-size:12px\">Notices d&rsquo;utilisation disponibles par code QR Qui n&rsquo;a pas v\u00e9cu cette situation : vous \u00eates devant une machine, et il vous faut la notice d&rsquo;utilisation d&rsquo;un composant. Sauf que celle-ci a d\u00e9j\u00e0 disparu dans la profondeur des archives&#8230; Avec les produits SITEMA, ce probl\u00e8me est r\u00e9solu. D\u00e9sormais, tous nos bloqueurs standards sont munis d&rsquo;un code [&hellip;]<\/p>\r\n    \r\n<\/div>\r\n\r\n            \r\n            <div class=\"wp-block-buttons is-layout-flex wp-block-buttons-is-layout-flex\">\r\n            <\/div>\r\n            \r\n\r\n<\/div>\r\n\r\n<\/div>\r\n\r\n    <\/div>\r\n\r\n\r\n<\/section>\r\n\r\n<div class=\"bootstrap-custom-container pattern-news-columns__pagination is-layout-flow wp-block-column-is-layout-flow\">\r\n<nav>\r\n  <ul class=\"pagination  justify-content-end\">\r\n<li class=\"page-item active\"><a class=\"page-link\" href=\"https:\/\/www.sitema.de\/fr\/wp-json\/wp\/v2\/pages\/18579\/\">1<\/a><\/li><li class=\"page-item \"><a class=\"page-link\" href=\"https:\/\/www.sitema.de\/fr\/wp-json\/wp\/v2\/pages\/18579\/page\/2\/\">2<\/a><\/li><li class=\"page-item \"><a class=\"page-link\" href=\"https:\/\/www.sitema.de\/fr\/wp-json\/wp\/v2\/pages\/18579\/page\/3\/\">3<\/a><\/li>\r\n  <\/ul>\r\n<\/nav>\r\n<\/div>\r\n","protected":false},"excerpt":{"rendered":"","protected":false},"author":1,"featured_media":0,"parent":10389,"menu_order":0,"comment_status":"closed","ping_status":"closed","template":"","meta":{"_acf_changed":false,"_seopress_robots_primary_cat":"","_seopress_titles_title":"Actualit\u00e9s - %%sitetitle%%","_seopress_titles_desc":"Restez inform\u00e9 des derni\u00e8res nouvelles et des communiqu\u00e9s de presse concernant SITEMA et ses produits de fixation et de s\u00e9curit\u00e9 industrielles. D\u00e9couvrez nos actualit\u00e9s, innovations et \u00e9v\u00e9nements dans le secteur pour rester inform\u00e9 des derni\u00e8res tendances et \u00e9volutions. ","_seopress_robots_index":"","footnotes":""},"class_list":["post-18579","page","type-page","status-publish","hentry"],"acf":[],"_links":{"self":[{"href":"https:\/\/www.sitema.de\/fr\/wp-json\/wp\/v2\/pages\/18579","targetHints":{"allow":["GET"]}}],"collection":[{"href":"https:\/\/www.sitema.de\/fr\/wp-json\/wp\/v2\/pages"}],"about":[{"href":"https:\/\/www.sitema.de\/fr\/wp-json\/wp\/v2\/types\/page"}],"author":[{"embeddable":true,"href":"https:\/\/www.sitema.de\/fr\/wp-json\/wp\/v2\/users\/1"}],"replies":[{"embeddable":true,"href":"https:\/\/www.sitema.de\/fr\/wp-json\/wp\/v2\/comments?post=18579"}],"version-history":[{"count":1,"href":"https:\/\/www.sitema.de\/fr\/wp-json\/wp\/v2\/pages\/18579\/revisions"}],"predecessor-version":[{"id":18580,"href":"https:\/\/www.sitema.de\/fr\/wp-json\/wp\/v2\/pages\/18579\/revisions\/18580"}],"up":[{"embeddable":true,"href":"https:\/\/www.sitema.de\/fr\/wp-json\/wp\/v2\/pages\/10389"}],"wp:attachment":[{"href":"https:\/\/www.sitema.de\/fr\/wp-json\/wp\/v2\/media?parent=18579"}],"curies":[{"name":"wp","href":"https:\/\/api.w.org\/{rel}","templated":true}]}}