{"id":10762,"date":"2024-02-28T11:35:18","date_gmt":"2024-02-28T11:35:18","guid":{"rendered":"https:\/\/www.sitema.de\/protection-des-donnees\/"},"modified":"2024-07-17T09:53:16","modified_gmt":"2024-07-17T09:53:16","slug":"protection-des-donnees","status":"publish","type":"page","link":"https:\/\/www.sitema.de\/fr\/protection-des-donnees\/","title":{"rendered":"Protection des donn\u00e9es"},"content":{"rendered":"\n<section class=\"wp-block-group alignfull header-generic has-global-padding is-layout-constrained wp-block-group-is-layout-constrained\" id=\"header-generic\">\n<div class=\"wp-block-cover alignfull\" style=\"min-height:350px;aspect-ratio:unset;\"><span aria-hidden=\"true\" class=\"wp-block-cover__background has-background-dim-30 has-background-dim wp-block-cover__gradient-background has-background-gradient\" style=\"background:linear-gradient(90deg,rgb(128,128,128) 0%,rgba(0,0,0,0) 100%)\"><\/span><img decoding=\"async\" class=\"wp-block-cover__image-background wp-image-801\" alt=\"\" src=\"https:\/\/www.sitema.de\/wp-content\/themes\/sitema\/assets\/images\/custom-header.jpg\" style=\"object-position:50% 50%\" data-object-fit=\"cover\" data-object-position=\"50% 50%\"\/><div class=\"wp-block-cover__inner-container has-global-padding is-layout-constrained wp-block-cover-is-layout-constrained\">\n<h1 class=\"wp-block-heading has-text-align-left has-blue-20-color has-text-color has-title-h-1-font-size\">D\u00c9CLARATION SUR LA PROTECTION DES DONN\u00c9ES<\/h1>\n<\/div><\/div>\n<\/section>\n\n<section id=\"block-content-image-gallery\" class=\"wp-block-group pattern__image-gallery has-white-background-color has-background has-global-padding is-layout-constrained wp-container-core-group-is-layout-8b30ac19 wp-block-group-is-layout-constrained\" style=\"padding-top:var(--wp--preset--spacing--5-rem);padding-right:var(--wp--preset--spacing--5-rem);padding-bottom:var(--wp--preset--spacing--5-rem);padding-left:var(--wp--preset--spacing--5-rem)\">\n<div class=\"wp-block-columns is-layout-flex wp-container-core-columns-is-layout-28f84493 wp-block-columns-is-layout-flex\">\n<div class=\"wp-block-column is-layout-flow wp-block-column-is-layout-flow\">\n<h2 class=\"wp-block-heading\">Protection des donn\u00e9es<\/h2>\n\n\n\n<p>Les op\u00e9rateurs de ces pages prennent la protection de vos donn\u00e9es personnelles tr\u00e8s au s\u00e9rieux. Nous traitons vos donn\u00e9es personnelles de mani\u00e8re confidentielle conform\u00e9ment aux prescriptions l\u00e9gales en termes de protection des donn\u00e9es et \u00e0 la pr\u00e9sente d\u00e9claration. <\/p>\n\n\n\n<p>Nous vous informons par la suite du traitement de vos donn\u00e9es \u00e0 caract\u00e8re personnel par la soci\u00e9t\u00e9 SITEMA GmbH &amp; Co. KG et des droits qui vous reviennent dans ce contexte.<\/p>\n\n\n\n<h2 class=\"wp-block-heading\">A. Le responsable du traitement des donn\u00e9es est la soci\u00e9t\u00e9<\/h2>\n\n\n\n<p>SITEMA GmbH &amp; Co. KG<\/p>\n\n\n\n<p>G.-Braun-Stra\u00dfe 13<\/p>\n\n\n\n<p>D-76187 Karlsruhe (Allemagne)<\/p>\n\n\n\n<p>T\u00e9l\u00e9phone : +49 721 98661-0<\/p>\n\n\n\n<p>Vous pouvez joindre le d\u00e9l\u00e9gu\u00e9 \u00e0 la protection des donn\u00e9es de SITEMA par voie postale en utilisant l&rsquo;adresse indiqu\u00e9e ci-dessus et en ajoutant \u00ab Le D\u00e9l\u00e9gu\u00e9 \u00e0 la protection des donn\u00e9es \u00bb ou par e-mail (datenschutz@sitema.de).<\/p>\n\n\n\n<h2 class=\"wp-block-heading\">B. Cat\u00e9gories de donn\u00e9es, objectifs et base juridique du traitement<\/h2>\n\n\n\n<p>Nous traitons les donn\u00e9es \u00e0 caract\u00e8re personnel vous concernant que vous-m\u00eame ou des tiers ont mis \u00e0 notre disposition dans le cadre de nos relations commerciales. Il s&rsquo;agit en g\u00e9n\u00e9ral de coordonn\u00e9es (nom, adresse, num\u00e9ro de t\u00e9l\u00e9phone, adresse e-mail), donn\u00e9es bancaires et donn\u00e9es de messagerie financi\u00e8re (banque, num\u00e9ro de compte, but d\u2019utilisation, \u00e9vent. informations sur la carte de cr\u00e9dit), d\u2019informations provenant de sources accessibles au public, de bases de donn\u00e9es et d\u2019agences de renseignement (p. ex. Internet, registre du commerce, soci\u00e9t\u00e9s de renseignements \u00e9conomiques) et d\u2019autres donn\u00e9es que vous nous fournissez de plein gr\u00e9 dans le cadre de la r\u00e9alisation d&rsquo;un projet ou d\u2019une relation contractuelle ou encore dans le contexte de la phase d&rsquo;initialisation d&rsquo;un contrat. <\/p>\n\n\n\n<p>Nous ne traitons vos donn\u00e9es \u00e0 caract\u00e8re personnel que dans le respect des dispositions l\u00e9gales, en tenant compte notamment des clauses du r\u00e8glement sur la protection des donn\u00e9es (\u00ab RGPD \u00bb) et de la l\u00e9gislation sur l\u2019harmonisation de la protection des donn\u00e9es et la transposition au niveau de l&rsquo;UE (nouvelle loi allemande sur la protection des donn\u00e9es \u00ab BDSG \u00bb).<\/p>\n\n\n\n<p>Nous traitons vos donn\u00e9es \u00e0 caract\u00e8re personnel compte tenu des bases juridiques d\u00e9crites ci-apr\u00e8s et \u00e0 des fins<\/p>\n\n\n\n<ul class=\"wp-block-list\">\n<li>d&rsquo;initialisation de contrat, d\u2019ex\u00e9cution et de r\u00e9siliation de contrats (art. 6 al. 1 b RGPD), notamment dans le cadre de la r\u00e9alisation d\u2019un contrat (comme p. ex. fourniture d\u2019une prestation de service et ex\u00e9cution du paiement), communication g\u00e9n\u00e9rale avec des partenaires commerciaux, p. ex. r\u00e9ponse \u00e0 des demandes sur des produits et des services, n\u00e9gociations contractuelles etc. ;<\/li>\n\n\n\n<li>en raison de consentements accord\u00e9s (art. 6 al. 1 a RGPD), p.ex. envoi de bulletins \u00e9lectroniques ou de lettres d\u2019information, participation \u00e0 des campagnes de marketing ou \u00e0 des enqu\u00eates etc. ;<\/li>\n\n\n\n<li>en raison de dispositions l\u00e9gales (art. 6 al. 1 c RGPD), p.ex. pour r\u00e9pondre aux obligations de conservation commerciales ou fiscales et aux obligations d&rsquo;annonce et d&rsquo;information \u00e0 l&rsquo;\u00e9gard des autorit\u00e9s etc ;<\/li>\n\n\n\n<li>en raison d\u2019un int\u00e9r\u00eat l\u00e9gitime (art. 6 al. 1 f RGPD) ; p.ex. mesures li\u00e9es \u00e0 la s\u00e9curit\u00e9 informatique ou mesures visant \u00e0 assurer la marche r\u00e9guli\u00e8re des affaires, \u00e0 pr\u00e9server le droit d&rsquo;usufruit, \u00e0 revendiquer des droits ou \u00e0 se d\u00e9fendre en cas de litiges juridiques, pour r\u00e9pondre \u00e0 des exigences en mati\u00e8re de conformit\u00e9 etc.<\/li>\n<\/ul>\n\n\n\n<p>Etant donn\u00e9 que nous utilisons aussi les coordonn\u00e9es des personnes que vous nous avez d\u00e9sign\u00e9es comme \u00e9tant nos interlocuteurs, nous vous prions de communiquer ces informations aussi parmi les employ\u00e9s concern\u00e9s de votre entreprise.<\/p>\n\n\n\n<p><strong>Collecte de donn\u00e9es \u00e0 caract\u00e8re personnel lors de la visite de notre site Internet<\/strong><\/p>\n\n\n\n<p>Lors d&rsquo;une utilisation purement informative de notre site Internet, c&rsquo;est-\u00e0-dire lorsque vous ne nous communiquez aucune information, nous collectons uniquement les donn\u00e9es \u00e0 caract\u00e8re personnel que votre navigateur transmet \u00e0 notre serveur. <\/p>\n\n\n\n<p>Notre site utilise le logiciel open source Matomo afin de collecter des donn\u00e9es d\u2019utilisation anonymes pour le site web SITEMA.<\/p>\n\n\n\n<p>Les donn\u00e9es concernant le comportement des utilisateurs sont collect\u00e9es, afin de d\u00e9tecter les probl\u00e8mes \u00e9ventuels tels que les pages introuvables, les soucis de moteurs de recherche ou les pages peu appr\u00e9ci\u00e9es. D\u00e8s que les donn\u00e9es (p. ex. nombre d\u2019utilisateurs confront\u00e9s \u00e0 des pages d\u2019erreur, etc.) sont trait\u00e9es, Matomo \u00e9tablit des rapports pour l\u2019exploitant du site, afin que ce dernier puisse r\u00e9agir (p. ex. en modifiant la mise en page, en ajoutant de nouveaux contenus, etc.). <\/p>\n\n\n\n<p>Lorsque vous visitez notre site, nous collectons les donn\u00e9es suivantes, dont certaines, identifi\u00e9es par \u00ab (M) \u00bb, sont trait\u00e9es par Matomo :<\/p>\n\n\n\n<ul class=\"wp-block-list\">\n<li>Adresse IP anonymis\u00e9e (M)<\/li>\n\n\n\n<li>Pays, r\u00e9gion et ville d\u00e9termin\u00e9s avec une faible pr\u00e9cision \u00e0 partir de l\u2019adresse IP anonymis\u00e9e (pour d\u00e9terminer la langue du site et afficher les coordonn\u00e9es du repr\u00e9sentant SITEMA local appropri\u00e9) (M)<\/li>\n\n\n\n<li>Date et heure de la demande (M)<\/li>\n\n\n\n<li>D\u00e9calage horaire par rapport \u00e0 l\u2019heure GMT (Greenwich Mean Time)<\/li>\n\n\n\n<li>Contenu de la demande (page concr\u00e8te)<\/li>\n\n\n\n<li>Titre de la page consult\u00e9e (M)<\/li>\n\n\n\n<li>URL de la page consult\u00e9e (M)<\/li>\n\n\n\n<li>URL de la page pr\u00e9c\u00e9dente (si autoris\u00e9) (M)<\/li>\n\n\n\n<li>\u00c9tat d\u2019acc\u00e8s\/code d\u2019\u00e9tat HTTP<\/li>\n\n\n\n<li>Quantit\u00e9 de donn\u00e9es transmises<\/li>\n\n\n\n<li>Site Internet \u00e0 partir duquel vous avez appel\u00e9 notre site Internet (URL r\u00e9f\u00e9rente)<\/li>\n\n\n\n<li>Type de navigateur, avec la langue et la version utilis\u00e9e<\/li>\n\n\n\n<li>Langue du navigateur (M)<\/li>\n\n\n\n<li>User Agent du navigateur (M)<\/li>\n\n\n\n<li>Syst\u00e8me d\u2019exploitation<\/li>\n\n\n\n<li>R\u00e9solution de l\u2019\u00e9cran (M)<\/li>\n\n\n\n<li>Fichiers consult\u00e9s et t\u00e9l\u00e9charg\u00e9s (M)<\/li>\n\n\n\n<li>Liens externes (M)<\/li>\n\n\n\n<li>Dur\u00e9e de chargement de la page (M)<\/li>\n\n\n\n<li>Interactions avec les formulaires (pour Matomo, pas leur contenu) (M)<\/li>\n<\/ul>\n\n\n\n<p>Les donn\u00e9es sont enregistr\u00e9es dans des fichiers journaux de notre syst\u00e8me. Ces donn\u00e9es ne sont pas enregistr\u00e9es avec d&rsquo;autres donn\u00e9es \u00e0 caract\u00e8re personnel de l&rsquo;utilisateur. Ces donn\u00e9es nous sont n\u00e9cessaires d&rsquo;un point de vue technique pour vous proposer notre site Internet et garantir sa stabilit\u00e9 et sa s\u00e9curit\u00e9. Nous devons pour cela enregistrer l&rsquo;adresse IP de l&rsquo;utilisateur pendant toute la dur\u00e9e de la session. Les donn\u00e9es sont enregistr\u00e9es dans des fichiers journaux pour garantir le fonctionnement du site. Ces donn\u00e9es nous servent en outre \u00e0 optimiser le site et \u00e0 garantir la s\u00e9curit\u00e9 de nos syst\u00e8mes d&rsquo;information.     <\/p>\n\n\n\n<p>L&rsquo;enregistrement est effectu\u00e9 sur la base juridique de l&rsquo;art. 6 alin\u00e9a 1 lettre f) du RGPD. Notre int\u00e9r\u00eat l\u00e9gitime est l&rsquo;am\u00e9lioration, la stabilit\u00e9, la fonctionnalit\u00e9 et la s\u00e9curit\u00e9 de notre site Internet.   <\/p>\n\n\n\n<p>Les donn\u00e9es sont effac\u00e9es d\u00e8s qu&rsquo;elles ne sont plus n\u00e9cessaires pour atteindre le but de leur collecte. Dans le cas des donn\u00e9es collect\u00e9es pour la mise \u00e0 disposition du site Internet, cela correspond \u00e0 la fin de la session. Quant aux donn\u00e9es enregistr\u00e9es dans des fichiers journaux, elles sont effac\u00e9es au plus tard sept jours apr\u00e8s leur collecte. Une sauvegarde plus longue est possible. Dans ce cas, les adresses IP sont effac\u00e9es ou anonymis\u00e9es afin de ne plus pouvoir reconna\u00eetre le client appelant. La collecte des donn\u00e9es est n\u00e9cessaire pour la mise \u00e0 disposition du site Internet. L&rsquo;enregistrement des donn\u00e9es dans des fichiers journaux est indispensable au fonctionnement du site Internet. C&rsquo;est pourquoi l&rsquo;utilisateur ne peut pas s&rsquo;y opposer. Si vous n&rsquo;\u00eates pas d&rsquo;accord, nous vous conseillons de quitter ce site Internet.        <\/p>\n\n\n\n<h2 class=\"wp-block-heading\">C. Cookies<\/h2>\n\n\n\n<p>Pour rendre la visite de notre site Internet attrayante et pour permettre l&rsquo;utilisation de certaines fonctions, nous utilisons sur diff\u00e9rentes pages ce qui s&rsquo;appelle des cookies. Il s&rsquo;agit de petits fichiers texte qui sont enregistr\u00e9s sur votre terminal. Le seul type de cookies que nous utilisons directement est effac\u00e9 \u00e0 la fin de la session du navigateur, c&rsquo;est-\u00e0-dire lorsque vous fermez votre navigateur (cookies de session).  <\/p>\n\n\n\n<p>Nous utilisons Matomo (voir le paragraphe B) sans utiliser de cookies.<\/p>\n\n\n\n<p>Nous utilisons par ailleurs les deux cookies d\u00e9crits ci-apr\u00e8s :<\/p>\n\n\n\n<p><strong>Google reCAPTCHA<\/strong><\/p>\n\n\n\n<p>Nous utilisons la fonction reCAPTCHA de Google pour nos formulaires de contact. Cette fonction sert avant tout \u00e0 savoir si une saisie est effectu\u00e9e par une personne r\u00e9elle ou est obtenue de fa\u00e7on abusive par un traitement automatis\u00e9. Ce service inclut l&rsquo;envoi \u00e0 Google de l&rsquo;adresse IP et, le cas \u00e9ch\u00e9ant, d&rsquo;autres donn\u00e9es requises par Google pour le service reCAPTCHA.  <\/p>\n\n\n\n<p><strong>Google Maps<\/strong><\/p>\n\n\n\n<p>Nous utilisons Google Maps sur notre page de contact. Google Maps est un service web permettant d&rsquo;afficher des cartes interactives afin de visualiser des informations g\u00e9ographiques. Lors de l&rsquo;utilisation de ce service, des informations sur nos distributeurs dans le monde vous sont transmises et notre site de Karlsruhe est notamment affich\u00e9.  <\/p>\n\n\n\n<p>Le contenu de la carte est directement transmis par Google \u00e0 votre navigateur qui l&rsquo;int\u00e8gre dans la page. Nous n&rsquo;avons donc aucune influence sur l&rsquo;\u00e9tendue des donn\u00e9es collect\u00e9es de cette mani\u00e8re par Google. \u00c0 notre connaissance, cela inclut au moins l&rsquo;adresse IP, la date et l&rsquo;heure de la visite sur la page concern\u00e9e ainsi que l&rsquo;adresse Internet ou URL de la page demand\u00e9e.  <\/p>\n\n\n\n<p>Pour de plus amples informations sur Google reCAPTCHA et Google Maps, veuillez consulter les liens suivants qui renvoient directement au site de Google. ReCAPTCHA : <a href=\"https:\/\/www.google.com\/recaptcha\/\" target=\"_blank\" rel=\"noreferrer noopener\">https:\/\/www.google.com\/recaptcha\/<\/a>. Maps : <a href=\"https:\/\/www.google.com\/intl\/de_US\/help\/terms_maps.html\" target=\"_blank\" rel=\"noreferrer noopener\">https:\/\/www.google.com\/intl\/fr_US\/help\/terms_maps.html<\/a> Vous pouvez consulter les r\u00e8gles de confidentialit\u00e9 de Google \u00e0 la page suivante : <a href=\"https:\/\/policies.google.com\/privacy?hl=de\" target=\"_blank\" rel=\"noreferrer noopener\">https:\/\/policies.google.com\/privacy?hl=fr.<\/a><\/p>\n\n\n\n<p>En principe, vous pouvez configurer votre navigateur de mani\u00e8re \u00e0 \u00eatre inform\u00e9(e) de la cr\u00e9ation de cookies et \u00e0 pouvoir choisir d&rsquo;accepter ou non chaque type de cookie individuellement, ou encore \u00e0 pouvoir exclure les cookies dans certains cas ou de mani\u00e8re g\u00e9n\u00e9rale. Chaque navigateur a sa propre fa\u00e7on de g\u00e9rer les pr\u00e9f\u00e9rences relatives aux cookies. Cela est d\u00e9crit dans l&rsquo;aide de chaque navigateur qui vous explique comment modifier les pr\u00e9f\u00e9rences relatives aux cookies.  <\/p>\n\n\n\n<p>Notez que si vous refusez les cookies, cela peut limiter la fonctionnalit\u00e9 de notre site Internet. Vous pouvez revenir sur votre d\u00e9cision \u00e0 tout moment via l&rsquo;onglet \u00ab Param\u00e8tres des cookies \u00bb. <\/p>\n\n\n\n<h2 class=\"wp-block-heading\">D. Applications SITEMA<\/h2>\n\n\n\n<p>Les applications SITEMA ne collectent pas de donn\u00e9es personnelles. Un acc\u00e8s aux rubriques suivantes est n\u00e9cessaire sur votre smartphone : <\/p>\n\n\n\n<p><strong>M\u00e9moire de l&rsquo;appareil<\/strong><\/p>\n\n\n\n<p>La m\u00e9moire de l&rsquo;appareil est utilis\u00e9e pour l&rsquo;installation de l&rsquo;application et comme m\u00e9moire tampon (\u00ab caches \u00bb) des informations et donn\u00e9es affich\u00e9es.<\/p>\n\n\n\n<p><strong>Langue de l&rsquo;appareil<\/strong><\/p>\n\n\n\n<p>La langue de l&rsquo;appareil est utilis\u00e9e pour modifier la langue affich\u00e9e dans l&rsquo;application.<\/p>\n\n\n\n<h2 class=\"wp-block-heading\">E. Destinataires ou cat\u00e9gories de destinataires de donn\u00e9es \u00e0 caract\u00e8re personnel<\/h2>\n\n\n\n<p>Nous communiquons vos donn\u00e9es \u00e0 caract\u00e8re personnel \u00e0 des autorit\u00e9s\/instances publiques, dans la mesure o\u00f9 certaines dispositions l\u00e9gales prioritaires l&rsquo;exigent. Le cas \u00e9ch\u00e9ant, nous communiquons vos donn\u00e9es \u00e0 caract\u00e8re personnel \u00e0 des soci\u00e9t\u00e9s de notre groupe, si cela est n\u00e9cessaire pour r\u00e9pondre aux fins mentionn\u00e9es plus haut dans la section B.<\/p>\n\n\n\n<p>Aux termes de l&rsquo;art. 28 RGPD, nous avons recours \u00e0 des prestataires externes pour effectuer diff\u00e9rentes op\u00e9rations commerciales. Nous avons conclu avec eux des contrats de traitement de donn\u00e9es afin d&rsquo;assurer la protection de vos donn\u00e9es \u00e0 caract\u00e8re personnel. <\/p>\n\n\n\n<p>Les destinataires dont il est question ci-dessus peuvent se trouver hors de l\u2019espace \u00e9conomique europ\u00e9en (\u00ab pays tiers \u00bb). Ces pays tiers sont susceptibles de ne pas offrir le m\u00eame niveau de protection des donn\u00e9es que l&rsquo;espace \u00e9conomique europ\u00e9en. Dans la mesure o\u00f9 un transfert de donn\u00e9es a lieu dans un pays tiers, nous nous assurons que ce transfert n&rsquo;a lieu que conform\u00e9ment aux dispositions l\u00e9gales (chapitre V RGPD).  <\/p>\n\n\n\n<h2 class=\"wp-block-heading\">F. Dur\u00e9e de l&rsquo;enregistrement<\/h2>\n\n\n\n<p>En g\u00e9n\u00e9ral, les donn\u00e9es \u00e0 caract\u00e8re personnel sont effac\u00e9es \u00e0 l&rsquo;expiration des d\u00e9lais de conservation (essentiellement commerciaux et fiscaux) pr\u00e9vus par la loi. Dans la mesure o\u00f9 les donn\u00e9es \u00e0 caract\u00e8re personnel ne sont pas concern\u00e9es par les d\u00e9lais de conservation l\u00e9gaux, elles sont effac\u00e9es lorsqu&rsquo;elles ne sont plus n\u00e9cessaires aux fins d\u00e9crites dans la section B mentionn\u00e9e plus haut. Un d\u00e9lai de conservation diff\u00e9rent peut exister lorsque vous y avez consenti lors de la collecte des donn\u00e9es.  <\/p>\n\n\n\n<h2 class=\"wp-block-heading\">G. Droit des personnes concern\u00e9es<\/h2>\n\n\n\n<p>Vous \u00eates en droit d&rsquo;obtenir des renseignements sur les donn\u00e9es \u00e0 caract\u00e8re personnel vous concernant enregistr\u00e9es chez nous, de demander la rectification de donn\u00e9es \u00e0 caract\u00e8re personnel enregistr\u00e9es avec des erreurs. Vous \u00eates autoris\u00e9 \u00e0 tout moment \u2013 et sans devoir fournir de raisons \u2013 \u00e0 modifier\/r\u00e9voquer votre consentement \u00e0 un traitement de vos donn\u00e9es, avec effet pour l&rsquo;avenir. Vous pouvez aussi demander une limitation \u00e0 l&rsquo;avenir du traitement de vos donn\u00e9es \u00e0 caract\u00e8re personnel, r\u00e9voquer votre consentement au traitement de ces donn\u00e9es ou exiger leur effacement. Vous \u00eates habilit\u00e9, dans les conditions d\u00e9finies \u00e0 l\u2019art. 20 RGPD, \u00e0 obtenir les donn\u00e9es \u00e0 caract\u00e8re personnel enregistr\u00e9es vous concernant dans un format structur\u00e9, courant et lisible par une machine et de communiquer ces donn\u00e9es \u00e0 un autre responsable sans que nous puissions nous y opposer. <\/p>\n\n\n\n<p>Par ailleurs, vous pouvez vous adresser au d\u00e9l\u00e9gu\u00e9 \u00e0 la protection des donn\u00e9es mentionn\u00e9 dans la section A. Pour \u00e9viter d&rsquo;\u00e9ventuels abus, nous pouvons exiger que les demandes portent une signature manuscrite ou que le demandeur s&rsquo;identifie autrement. <\/p>\n\n\n\n<p>Vous avez le droit d&rsquo;introduire un recours aupr\u00e8s d\u2019une autorit\u00e9 de contr\u00f4le de la protection des donn\u00e9es. L&rsquo;autorit\u00e9 de contr\u00f4le comp\u00e9tente pour le vendeur est le Commissaire \u00e0 la protection des donn\u00e9es et de la libert\u00e9 d&rsquo;information du land de Bade-Wurtemberg, K\u00f6nigstra\u00dfe 10 a, 70173 Stuttgart. <\/p>\n<\/div>\n<\/div>\n<\/section>\n","protected":false},"excerpt":{"rendered":"<p>Protection des donn\u00e9es Les op\u00e9rateurs de ces pages prennent la protection de vos donn\u00e9es personnelles tr\u00e8s au s\u00e9rieux. Nous traitons vos donn\u00e9es personnelles de mani\u00e8re confidentielle conform\u00e9ment aux prescriptions l\u00e9gales en termes de protection des donn\u00e9es et \u00e0 la pr\u00e9sente d\u00e9claration. Nous vous informons par la suite du traitement de vos donn\u00e9es \u00e0 caract\u00e8re personnel [&hellip;]<\/p>\n","protected":false},"author":1,"featured_media":0,"parent":0,"menu_order":0,"comment_status":"closed","ping_status":"closed","template":"","meta":{"_acf_changed":false,"_seopress_robots_primary_cat":"","_seopress_titles_title":"Protection des donn\u00e9es - %%sitetitle%%","_seopress_titles_desc":"D\u00e9couvrez comment nous prot\u00e9geons vos donn\u00e9es gr\u00e2ce \u00e0 notre politique de confidentialit\u00e9. Sur notre page de protection des donn\u00e9es, vous trouverez des informations d\u00e9taill\u00e9es sur la mani\u00e8re dont nous traitons et prot\u00e9geons vos donn\u00e9es personnelles. ","_seopress_robots_index":"","footnotes":""},"class_list":["post-10762","page","type-page","status-publish","hentry"],"acf":[],"_links":{"self":[{"href":"https:\/\/www.sitema.de\/fr\/wp-json\/wp\/v2\/pages\/10762","targetHints":{"allow":["GET"]}}],"collection":[{"href":"https:\/\/www.sitema.de\/fr\/wp-json\/wp\/v2\/pages"}],"about":[{"href":"https:\/\/www.sitema.de\/fr\/wp-json\/wp\/v2\/types\/page"}],"author":[{"embeddable":true,"href":"https:\/\/www.sitema.de\/fr\/wp-json\/wp\/v2\/users\/1"}],"replies":[{"embeddable":true,"href":"https:\/\/www.sitema.de\/fr\/wp-json\/wp\/v2\/comments?post=10762"}],"version-history":[{"count":1,"href":"https:\/\/www.sitema.de\/fr\/wp-json\/wp\/v2\/pages\/10762\/revisions"}],"predecessor-version":[{"id":10763,"href":"https:\/\/www.sitema.de\/fr\/wp-json\/wp\/v2\/pages\/10762\/revisions\/10763"}],"wp:attachment":[{"href":"https:\/\/www.sitema.de\/fr\/wp-json\/wp\/v2\/media?parent=10762"}],"curies":[{"name":"wp","href":"https:\/\/api.w.org\/{rel}","templated":true}]}}