{"id":17838,"date":"2024-08-13T09:37:40","date_gmt":"2024-08-13T09:37:40","guid":{"rendered":"https:\/\/www.sitema.de\/?page_id=17838"},"modified":"2024-08-13T09:45:52","modified_gmt":"2024-08-13T09:45:52","slug":"pressespiegel","status":"publish","type":"page","link":"https:\/\/www.sitema.de\/de\/unternehmen\/pressespiegel\/","title":{"rendered":"Pressespiegel"},"content":{"rendered":"\n<section class=\"wp-block-group alignfull header-generic has-global-padding is-layout-constrained wp-block-group-is-layout-constrained\" id=\"header-generic\">\n<div class=\"wp-block-cover alignfull\" style=\"min-height:350px;aspect-ratio:unset;\"><span aria-hidden=\"true\" class=\"wp-block-cover__background has-background-dim-30 has-background-dim wp-block-cover__gradient-background has-background-gradient\" style=\"background:linear-gradient(90deg,rgb(128,128,128) 0%,rgba(0,0,0,0) 100%)\"><\/span><img decoding=\"async\" class=\"wp-block-cover__image-background wp-image-801\" alt=\"\" src=\"https:\/\/www.sitema.de\/wp-content\/themes\/sitema\/assets\/images\/custom-header.jpg\" style=\"object-position:50% 50%\" data-object-fit=\"cover\" data-object-position=\"50% 50%\"\/><div class=\"wp-block-cover__inner-container has-global-padding is-layout-constrained wp-block-cover-is-layout-constrained\">\n<h1 class=\"wp-block-heading has-text-align-left has-blue-20-color has-text-color has-title-h-1-font-size\">Pressespiegel<\/h1>\n<\/div><\/div>\n<\/section>\n\n\n\r\n \r\n <section id=\"pattern-news-columns\" class=\"wp-block-group news-list has-global-padding is-layout-constrained wp-block-group-is-layout-constrained\">\r\n\r\n \r\n<div class=\"wp-block-group is-content-justification-space-between is-nowrap is-layout-flex wp-container-core-group-is-layout-fb593585 wp-block-group-is-layout-flex\" style=\"margin-bottom:var(--wp--preset--spacing--3-rem)\">\r\n<div class=\"wp-block-group has-global-padding is-content-justification-left is-layout-constrained wp-container-core-group-is-layout-12dd3699 wp-block-group-is-layout-constrained\">\r\n<h2 class=\"wp-block-heading\">Aktuelle Informationen<\/h2>\r\n\r\n\r\n\r\n<p style=\"margin-top:var(--wp--preset--spacing--0-5-rem)\">Pressemitteilungen rund um SITEMA und unsere Produkte.<\/p>\r\n<\/div>\r\n\r\n\r\n    \r\n    <div class=\"wp-block-buttons is-horizontal is-content-justification-left is-layout-flex wp-container-core-buttons-is-layout-20be11b6 wp-block-buttons-is-layout-flex\">\r\n\r\n        \r\n        <div class=\"wp-block-button is-style-outline is-style-outline--1\">\r\n            <a class=\"wp-block-button__link wp-element-button\" href=\"https:\/\/www.sitema.de\/de\/unternehmen\/news\/\">News<\/a>\r\n        <\/div>\r\n        \r\n\r\n        \r\n        <div class=\"wp-block-button\">\r\n            <a class=\"wp-block-button__link wp-element-button\" href=\"https:\/\/www.sitema.de\/de\/unternehmen\/pressespiegel\/\">Pressespiegel<\/a>\r\n        <\/div>\r\n        \r\n\r\n    <\/div>\r\n    \r\n\r\n<\/div>\r\n\r\n\r\n \r\n <div class=\"wp-block-columns is-layout-flex wp-container-core-columns-is-layout-28f84493 wp-block-columns-is-layout-flex\">\r\n        \r\n        <div class=\"wp-block-column has-white-background-color has-background is-layout-flow wp-container-core-column-is-layout-8a368f38 wp-block-column-is-layout-flow\">\r\n        <figure class=\"wp-block-image aligncenter size-large news-list__item__image\"><img decoding=\"async\" src=\"https:\/\/www.sitema.de\/wp-content\/uploads\/presse\/kopra10-25_titel.png\" alt=\"Unsere Produkte sind weltweit einzigartig\" \/><\/figure>\r\n            \r\n    \r\n            \r\n            <div class=\"wp-block-group is-vertical is-layout-flex wp-container-core-group-is-layout-cb2acc6d wp-block-group-is-layout-flex\" style=\"padding-top:var(--wp--preset--spacing--1-5-rem);padding-right:var(--wp--preset--spacing--2-rem);padding-bottom:var(--wp--preset--spacing--1-5-rem);padding-left:var(--wp--preset--spacing--2-rem)\">\r\n                <div class=\"wp-block-group has-global-padding is-layout-constrained wp-block-group-is-layout-constrained\">\r\n                    \r\n                    <div class=\"wp-block-group is-nowrap is-layout-flex wp-container-core-group-is-layout-6c531013 wp-block-group-is-layout-flex\">\r\n                \r\n                    <div class=\"wp-block-group has-border-color has-global-padding is-layout-constrained wp-container-core-group-is-layout-ca37a9ac wp-block-group-is-layout-constrained\" style=\"border-color:var(--wp--custom--color--orange-50);border-width:1px;border-radius:12px;padding-right:16px;padding-left:16px\">\r\n                        <span class=\"has-orange-50-color has-text-color\" style=\"font-size:12px;line-height:2\">Pressespiegel<\/span>\r\n                        \r\n                    <\/div>\r\n                    \r\n        \r\n        <p class=\"has-text-align-right has-blue-20-color has-text-color wp-container-content-9cfa9a5a\" style=\"font-size:12px;line-height:2\">07.11.2025<\/p>\r\n        \r\n    <\/div>\r\n    \r\n\r\n    \r\n    <h5 class=\"wp-block-heading has-blue-20-color has-text-color\"><strong><a class=\"has-blue-20-color my-element-button\" href=\"https:\/\/www.sitema.de\/de\/unternehmen\/pressespiegel\/unsere-produkte-sind-weltweit-einzigartig\/\" title=\"Siehe Neuigkeiten Unsere Produkte sind weltweit einzigartig\" >Unsere Produkte sind weltweit einzigartig<\/a><\/strong><\/h5>\r\n    \r\n\r\n    \r\n    <p class=\"limit-height-3-lines\" style=\"font-size:12px\">SITEMA hat sich auf die Entwicklung und Produktion von Klemmk\u00f6pfen und Linearbremsen auf Rundstangen spezialisiert. Carsten Rother, Gesch\u00e4ftsf\u00fchrer Vertrieb, erkl\u00e4rt im Interview, was SITEMA-Klemmk\u00f6pfe so besonders macht und warum es jetzt eine elektrische Variante gibt. Lesen Sie den vollst\u00e4ndigen Artikel hier im PDF Erschienen in konstruktionspraxis 2025\/10 www.konstruktionspraxis.vogel.de<\/p>\r\n    \r\n<\/div>\r\n\r\n            \r\n            <div class=\"wp-block-buttons is-layout-flex wp-block-buttons-is-layout-flex\">\r\n            <\/div>\r\n            \r\n\r\n<\/div>\r\n\r\n<\/div>\r\n\r\n        \r\n        <div class=\"wp-block-column has-white-background-color has-background is-layout-flow wp-container-core-column-is-layout-8a368f38 wp-block-column-is-layout-flow\">\r\n        <figure class=\"wp-block-image aligncenter size-large news-list__item__image\"><img decoding=\"async\" src=\"https:\/\/www.sitema.de\/wp-content\/uploads\/presse\/2024_10_24_ANT_SO_pic.png\" alt=\"Elektrisch? Mit Sicherheit!\" \/><\/figure>\r\n            \r\n    \r\n            \r\n            <div class=\"wp-block-group is-vertical is-layout-flex wp-container-core-group-is-layout-cb2acc6d wp-block-group-is-layout-flex\" style=\"padding-top:var(--wp--preset--spacing--1-5-rem);padding-right:var(--wp--preset--spacing--2-rem);padding-bottom:var(--wp--preset--spacing--1-5-rem);padding-left:var(--wp--preset--spacing--2-rem)\">\r\n                <div class=\"wp-block-group has-global-padding is-layout-constrained wp-block-group-is-layout-constrained\">\r\n                    \r\n                    <div class=\"wp-block-group is-nowrap is-layout-flex wp-container-core-group-is-layout-6c531013 wp-block-group-is-layout-flex\">\r\n                \r\n                    <div class=\"wp-block-group has-border-color has-global-padding is-layout-constrained wp-container-core-group-is-layout-ca37a9ac wp-block-group-is-layout-constrained\" style=\"border-color:var(--wp--custom--color--orange-50);border-width:1px;border-radius:12px;padding-right:16px;padding-left:16px\">\r\n                        <span class=\"has-orange-50-color has-text-color\" style=\"font-size:12px;line-height:2\">Pressespiegel<\/span>\r\n                        \r\n                    <\/div>\r\n                    \r\n        \r\n        <p class=\"has-text-align-right has-blue-20-color has-text-color wp-container-content-9cfa9a5a\" style=\"font-size:12px;line-height:2\">24.10.2024<\/p>\r\n        \r\n    <\/div>\r\n    \r\n\r\n    \r\n    <h5 class=\"wp-block-heading has-blue-20-color has-text-color\"><strong><a class=\"has-blue-20-color my-element-button\" href=\"https:\/\/www.sitema.de\/de\/unternehmen\/pressespiegel\/elektrisch-mit-sicherheit\/\" title=\"Siehe Neuigkeiten Elektrisch? Mit Sicherheit!\" >Elektrisch? Mit Sicherheit!<\/a><\/strong><\/h5>\r\n    \r\n\r\n    \r\n    <p class=\"limit-height-3-lines\" style=\"font-size:12px\">Seit \u00fcber 40 Jahren sorgt das Unternehmen SITEMA mit hydraulisch oder pneumatisch betriebenen Klemmk\u00f6pfen f\u00fcr Sicherheit. In dieser Zeit hat man sich mit \u00fcberragender Qualit\u00e4t eine hohe Reputation erarbeitet. Auf der Motek 2024 werden die Karlsruher eine Neuheit pr\u00e4sentieren: Die elektrische Sicherheitsbremse KSE. Gesch\u00e4ftsf\u00fchrer Carsten Rother und Entwicklungsleiter Dr. Thomas Haase erkl\u00e4ren im Gespr\u00e4ch mit [&hellip;]<\/p>\r\n    \r\n<\/div>\r\n\r\n            \r\n            <div class=\"wp-block-buttons is-layout-flex wp-block-buttons-is-layout-flex\">\r\n            <\/div>\r\n            \r\n\r\n<\/div>\r\n\r\n<\/div>\r\n\r\n        \r\n        <div class=\"wp-block-column has-white-background-color has-background is-layout-flow wp-container-core-column-is-layout-8a368f38 wp-block-column-is-layout-flow\">\r\n        <figure class=\"wp-block-image aligncenter size-large news-list__item__image\"><img decoding=\"async\" src=\"https:\/\/www.sitema.de\/wp-content\/uploads\/presse\/2023-03_Schiff_Hafen_SHF_003_23_b.jpg\" alt=\"Schutz vor abst\u00fcrzenden Lasten\" \/><\/figure>\r\n            \r\n    \r\n            \r\n            <div class=\"wp-block-group is-vertical is-layout-flex wp-container-core-group-is-layout-cb2acc6d wp-block-group-is-layout-flex\" style=\"padding-top:var(--wp--preset--spacing--1-5-rem);padding-right:var(--wp--preset--spacing--2-rem);padding-bottom:var(--wp--preset--spacing--1-5-rem);padding-left:var(--wp--preset--spacing--2-rem)\">\r\n                <div class=\"wp-block-group has-global-padding is-layout-constrained wp-block-group-is-layout-constrained\">\r\n                    \r\n                    <div class=\"wp-block-group is-nowrap is-layout-flex wp-container-core-group-is-layout-6c531013 wp-block-group-is-layout-flex\">\r\n                \r\n                    <div class=\"wp-block-group has-border-color has-global-padding is-layout-constrained wp-container-core-group-is-layout-ca37a9ac wp-block-group-is-layout-constrained\" style=\"border-color:var(--wp--custom--color--orange-50);border-width:1px;border-radius:12px;padding-right:16px;padding-left:16px\">\r\n                        <span class=\"has-orange-50-color has-text-color\" style=\"font-size:12px;line-height:2\">Pressespiegel<\/span>\r\n                        \r\n                    <\/div>\r\n                    \r\n        \r\n        <p class=\"has-text-align-right has-blue-20-color has-text-color wp-container-content-9cfa9a5a\" style=\"font-size:12px;line-height:2\">18.07.2024<\/p>\r\n        \r\n    <\/div>\r\n    \r\n\r\n    \r\n    <h5 class=\"wp-block-heading has-blue-20-color has-text-color\"><strong><a class=\"has-blue-20-color my-element-button\" href=\"https:\/\/www.sitema.de\/de\/unternehmen\/pressespiegel\/schutz-vor-abstuerzenden-lasten\/\" title=\"Siehe Neuigkeiten Schutz vor abst\u00fcrzenden Lasten\" >Schutz vor abst\u00fcrzenden Lasten<\/a><\/strong><\/h5>\r\n    \r\n\r\n    \r\n    <p class=\"limit-height-3-lines\" style=\"font-size:12px\">Artikel in Schiff&amp;Hafen 03\/2023 Linearbremsen im Schiffsbau &#8211; Schutz vor abst\u00fcrzenden LastenAuch im Schiffbau und bei Offshore-Projekten geht es nicht ohne Sicherheit. Lineare Achsen stellen bei ungewollter Bewegung oft eine Gefahr f\u00fcr Menschen oder Ausr\u00fcstung dar. Linearbremsen und Feststelleinheiten sind selbst unter den schwierigen Umgebungsbedingungen auf See eine ideale Komponente f\u00fcr die Sicherheit. Erschienen in [&hellip;]<\/p>\r\n    \r\n<\/div>\r\n\r\n            \r\n            <div class=\"wp-block-buttons is-layout-flex wp-block-buttons-is-layout-flex\">\r\n            <\/div>\r\n            \r\n\r\n<\/div>\r\n\r\n<\/div>\r\n\r\n        \r\n        <div class=\"wp-block-column has-white-background-color has-background is-layout-flow wp-container-core-column-is-layout-8a368f38 wp-block-column-is-layout-flow\">\r\n        <figure class=\"wp-block-image aligncenter size-large news-list__item__image\"><img decoding=\"async\" src=\"https:\/\/www.sitema.de\/wp-content\/uploads\/presse\/2022-03_Fluid_Besser_mit_Absturzsicherung.png\" alt=\"Linearbremsen im Schiffbau\" \/><\/figure>\r\n            \r\n    \r\n            \r\n            <div class=\"wp-block-group is-vertical is-layout-flex wp-container-core-group-is-layout-cb2acc6d wp-block-group-is-layout-flex\" style=\"padding-top:var(--wp--preset--spacing--1-5-rem);padding-right:var(--wp--preset--spacing--2-rem);padding-bottom:var(--wp--preset--spacing--1-5-rem);padding-left:var(--wp--preset--spacing--2-rem)\">\r\n                <div class=\"wp-block-group has-global-padding is-layout-constrained wp-block-group-is-layout-constrained\">\r\n                    \r\n                    <div class=\"wp-block-group is-nowrap is-layout-flex wp-container-core-group-is-layout-6c531013 wp-block-group-is-layout-flex\">\r\n                \r\n                    <div class=\"wp-block-group has-border-color has-global-padding is-layout-constrained wp-container-core-group-is-layout-ca37a9ac wp-block-group-is-layout-constrained\" style=\"border-color:var(--wp--custom--color--orange-50);border-width:1px;border-radius:12px;padding-right:16px;padding-left:16px\">\r\n                        <span class=\"has-orange-50-color has-text-color\" style=\"font-size:12px;line-height:2\">Pressespiegel<\/span>\r\n                        \r\n                    <\/div>\r\n                    \r\n        \r\n        <p class=\"has-text-align-right has-blue-20-color has-text-color wp-container-content-9cfa9a5a\" style=\"font-size:12px;line-height:2\">22.08.2022<\/p>\r\n        \r\n    <\/div>\r\n    \r\n\r\n    \r\n    <h5 class=\"wp-block-heading has-blue-20-color has-text-color\"><strong><a class=\"has-blue-20-color my-element-button\" href=\"https:\/\/www.sitema.de\/de\/unternehmen\/pressespiegel\/linearbremsen-im-schiffbau\/\" title=\"Siehe Neuigkeiten Linearbremsen im Schiffbau\" >Linearbremsen im Schiffbau<\/a><\/strong><\/h5>\r\n    \r\n\r\n    \r\n    <p class=\"limit-height-3-lines\" style=\"font-size:12px\">Artikel in Fluid 03\/2022 Linearbremsen im Schiffsbau &#8211; besser mit Absturzsicherung Auch im Schiffbau und bei Offshore-Projekten geht es nicht ohne Sicherheit. Lineare Achsen stellen bei ungewollter Bewegung oft eine Gefahr f\u00fcr Menschen oder Ausr\u00fcstung dar. Linearbremsen und Feststelleinheiten sind selbst unter den schwierigen Umgebungsbedingungen auf See eine ideale Komponente f\u00fcr die Sicherheit. Vollst\u00e4ndiger Artikel [&hellip;]<\/p>\r\n    \r\n<\/div>\r\n\r\n            \r\n            <div class=\"wp-block-buttons is-layout-flex wp-block-buttons-is-layout-flex\">\r\n            <\/div>\r\n            \r\n\r\n<\/div>\r\n\r\n<\/div>\r\n\r\n        \r\n        <div class=\"wp-block-column has-white-background-color has-background is-layout-flow wp-container-core-column-is-layout-8a368f38 wp-block-column-is-layout-flow\">\r\n        <figure class=\"wp-block-image aligncenter size-large news-list__item__image\"><img decoding=\"async\" src=\"https:\/\/www.sitema.de\/wp-content\/uploads\/presse\/2022-01_OP_Fluidtechnik_Interview_Rother.png\" alt=\"Wir sind sicher, dass die Fluidtechnik Zukunft hat\" \/><\/figure>\r\n            \r\n    \r\n            \r\n            <div class=\"wp-block-group is-vertical is-layout-flex wp-container-core-group-is-layout-cb2acc6d wp-block-group-is-layout-flex\" style=\"padding-top:var(--wp--preset--spacing--1-5-rem);padding-right:var(--wp--preset--spacing--2-rem);padding-bottom:var(--wp--preset--spacing--1-5-rem);padding-left:var(--wp--preset--spacing--2-rem)\">\r\n                <div class=\"wp-block-group has-global-padding is-layout-constrained wp-block-group-is-layout-constrained\">\r\n                    \r\n                    <div class=\"wp-block-group is-nowrap is-layout-flex wp-container-core-group-is-layout-6c531013 wp-block-group-is-layout-flex\">\r\n                \r\n                    <div class=\"wp-block-group has-border-color has-global-padding is-layout-constrained wp-container-core-group-is-layout-ca37a9ac wp-block-group-is-layout-constrained\" style=\"border-color:var(--wp--custom--color--orange-50);border-width:1px;border-radius:12px;padding-right:16px;padding-left:16px\">\r\n                        <span class=\"has-orange-50-color has-text-color\" style=\"font-size:12px;line-height:2\">Pressespiegel<\/span>\r\n                        \r\n                    <\/div>\r\n                    \r\n        \r\n        <p class=\"has-text-align-right has-blue-20-color has-text-color wp-container-content-9cfa9a5a\" style=\"font-size:12px;line-height:2\">04.02.2022<\/p>\r\n        \r\n    <\/div>\r\n    \r\n\r\n    \r\n    <h5 class=\"wp-block-heading has-blue-20-color has-text-color\"><strong><a class=\"has-blue-20-color my-element-button\" href=\"https:\/\/www.sitema.de\/de\/unternehmen\/pressespiegel\/wir-sind-sicher-dass-die-fluidtechnik-zukunft-hat\/\" title=\"Siehe Neuigkeiten Wir sind sicher, dass die Fluidtechnik Zukunft hat\" >Wir sind sicher, dass die Fluidtechnik Zukunft hat<\/a><\/strong><\/h5>\r\n    \r\n\r\n    \r\n    <p class=\"limit-height-3-lines\" style=\"font-size:12px\">Artikel in O+P Fluidtechnik 01\/2022 Interview mit Carsten Rother, Gesch\u00e4ftsf\u00fchrer Vertrieb bei SITEMA Carsten Rother ist seit 20 Jahren im Vertrieb und seit 10 Jahren auch Gesch\u00e4ftsf\u00fchrer Vertrieb bei der SITEMA GmbH &amp; Co. KG. Zuvor war er dort acht Jahre im Bereich Konstruktion und Entwicklung t\u00e4tig. Er erlangt auch auf internationaler Ebene Einblicke in [&hellip;]<\/p>\r\n    \r\n<\/div>\r\n\r\n            \r\n            <div class=\"wp-block-buttons is-layout-flex wp-block-buttons-is-layout-flex\">\r\n            <\/div>\r\n            \r\n\r\n<\/div>\r\n\r\n<\/div>\r\n\r\n        \r\n        <div class=\"wp-block-column has-white-background-color has-background is-layout-flow wp-container-core-column-is-layout-8a368f38 wp-block-column-is-layout-flow\">\r\n        <figure class=\"wp-block-image aligncenter size-large news-list__item__image\"><img decoding=\"async\" src=\"https:\/\/www.sitema.de\/wp-content\/uploads\/presse\/2021_04_Fluid_PowerStroke.png\" alt=\"F\u00fcr mehr Platz beim Formen\" \/><\/figure>\r\n            \r\n    \r\n            \r\n            <div class=\"wp-block-group is-vertical is-layout-flex wp-container-core-group-is-layout-cb2acc6d wp-block-group-is-layout-flex\" style=\"padding-top:var(--wp--preset--spacing--1-5-rem);padding-right:var(--wp--preset--spacing--2-rem);padding-bottom:var(--wp--preset--spacing--1-5-rem);padding-left:var(--wp--preset--spacing--2-rem)\">\r\n                <div class=\"wp-block-group has-global-padding is-layout-constrained wp-block-group-is-layout-constrained\">\r\n                    \r\n                    <div class=\"wp-block-group is-nowrap is-layout-flex wp-container-core-group-is-layout-6c531013 wp-block-group-is-layout-flex\">\r\n                \r\n                    <div class=\"wp-block-group has-border-color has-global-padding is-layout-constrained wp-container-core-group-is-layout-ca37a9ac wp-block-group-is-layout-constrained\" style=\"border-color:var(--wp--custom--color--orange-50);border-width:1px;border-radius:12px;padding-right:16px;padding-left:16px\">\r\n                        <span class=\"has-orange-50-color has-text-color\" style=\"font-size:12px;line-height:2\">Pressespiegel<\/span>\r\n                        \r\n                    <\/div>\r\n                    \r\n        \r\n        <p class=\"has-text-align-right has-blue-20-color has-text-color wp-container-content-9cfa9a5a\" style=\"font-size:12px;line-height:2\">14.09.2021<\/p>\r\n        \r\n    <\/div>\r\n    \r\n\r\n    \r\n    <h5 class=\"wp-block-heading has-blue-20-color has-text-color\"><strong><a class=\"has-blue-20-color my-element-button\" href=\"https:\/\/www.sitema.de\/de\/unternehmen\/pressespiegel\/fuer-mehr-platz-beim-formen\/\" title=\"Siehe Neuigkeiten F\u00fcr mehr Platz beim Formen\" >F\u00fcr mehr Platz beim Formen<\/a><\/strong><\/h5>\r\n    \r\n\r\n    \r\n    <p class=\"limit-height-3-lines\" style=\"font-size:12px\">Artikel in Fluid 04\/2021 Klemmkopf mit Kurzhubfunktion Bei der SVE-Version des Kurzhubzylinders PowerStroke kann die Klemmstange den Klemmkopf vollst\u00e4ndig verlassen. Dies ist analog zu einer Zylinderstange, die den Zylinder komplett verl\u00e4sst. Das vereinfacht beispielsweise bei Formmaschinen wie Blasformmaschinen oder Spritzgie\u00dfmaschinen den Wechsel der Form oder die Entnahme des Werkst\u00fccks. Vollst\u00e4ndiger Artikel als PDF Link zum [&hellip;]<\/p>\r\n    \r\n<\/div>\r\n\r\n            \r\n            <div class=\"wp-block-buttons is-layout-flex wp-block-buttons-is-layout-flex\">\r\n            <\/div>\r\n            \r\n\r\n<\/div>\r\n\r\n<\/div>\r\n\r\n        \r\n        <div class=\"wp-block-column has-white-background-color has-background is-layout-flow wp-container-core-column-is-layout-8a368f38 wp-block-column-is-layout-flow\">\r\n        <figure class=\"wp-block-image aligncenter size-large news-list__item__image\"><img decoding=\"async\" src=\"https:\/\/www.sitema.de\/wp-content\/uploads\/presse\/2020-07_kopra_SITEMA_Was_hinter_dem_SiForce-Klemmprinzip_steckt_b.jpg\" alt=\"Was hinter dem SiForce-Klemmprinzip steckt\" \/><\/figure>\r\n            \r\n    \r\n            \r\n            <div class=\"wp-block-group is-vertical is-layout-flex wp-container-core-group-is-layout-cb2acc6d wp-block-group-is-layout-flex\" style=\"padding-top:var(--wp--preset--spacing--1-5-rem);padding-right:var(--wp--preset--spacing--2-rem);padding-bottom:var(--wp--preset--spacing--1-5-rem);padding-left:var(--wp--preset--spacing--2-rem)\">\r\n                <div class=\"wp-block-group has-global-padding is-layout-constrained wp-block-group-is-layout-constrained\">\r\n                    \r\n                    <div class=\"wp-block-group is-nowrap is-layout-flex wp-container-core-group-is-layout-6c531013 wp-block-group-is-layout-flex\">\r\n                \r\n                    <div class=\"wp-block-group has-border-color has-global-padding is-layout-constrained wp-container-core-group-is-layout-ca37a9ac wp-block-group-is-layout-constrained\" style=\"border-color:var(--wp--custom--color--orange-50);border-width:1px;border-radius:12px;padding-right:16px;padding-left:16px\">\r\n                        <span class=\"has-orange-50-color has-text-color\" style=\"font-size:12px;line-height:2\">Pressespiegel<\/span>\r\n                        \r\n                    <\/div>\r\n                    \r\n        \r\n        <p class=\"has-text-align-right has-blue-20-color has-text-color wp-container-content-9cfa9a5a\" style=\"font-size:12px;line-height:2\">02.12.2020<\/p>\r\n        \r\n    <\/div>\r\n    \r\n\r\n    \r\n    <h5 class=\"wp-block-heading has-blue-20-color has-text-color\"><strong><a class=\"has-blue-20-color my-element-button\" href=\"https:\/\/www.sitema.de\/de\/unternehmen\/pressespiegel\/was-hinter-dem-siforce-klemmprinzip-steckt\/\" title=\"Siehe Neuigkeiten Was hinter dem SiForce-Klemmprinzip steckt\" >Was hinter dem SiForce-Klemmprinzip steckt<\/a><\/strong><\/h5>\r\n    \r\n\r\n    \r\n    <p class=\"limit-height-3-lines\" style=\"font-size:12px\">Was hinter dem SiForce-Klemmprinzip steckt Die Klemmk\u00f6pfe von SITEMA sind mit dem speziellen Klemmprinzip SiForce ausgestattet. Die konstruktionspraxis stellt die Technologie hinter dem Klemmprinzip vor und vergleicht mit der federbet\u00e4tigten Klemmung Vollst\u00e4ndiger Artikel als PDF Bereits am 15.07.2020 erschien der Artikel mit einem zus\u00e4tzlichen Interview mit unserem Gesch\u00e4ftsf\u00fchrer Vertrieb, Herrn Carsten Rother, auf konstruktionspraxis onlineLink [&hellip;]<\/p>\r\n    \r\n<\/div>\r\n\r\n            \r\n            <div class=\"wp-block-buttons is-layout-flex wp-block-buttons-is-layout-flex\">\r\n            <\/div>\r\n            \r\n\r\n<\/div>\r\n\r\n<\/div>\r\n\r\n        \r\n        <div class=\"wp-block-column has-white-background-color has-background is-layout-flow wp-container-core-column-is-layout-8a368f38 wp-block-column-is-layout-flow\">\r\n        <figure class=\"wp-block-image aligncenter size-large news-list__item__image\"><img decoding=\"async\" src=\"https:\/\/www.sitema.de\/wp-content\/uploads\/presse\/2020-04_Plastix_IT_SITEMA_Cannon_b.jpg\" alt=\"SITEMA SiForce &#8211; guaranteed safety\" \/><\/figure>\r\n            \r\n    \r\n            \r\n            <div class=\"wp-block-group is-vertical is-layout-flex wp-container-core-group-is-layout-cb2acc6d wp-block-group-is-layout-flex\" style=\"padding-top:var(--wp--preset--spacing--1-5-rem);padding-right:var(--wp--preset--spacing--2-rem);padding-bottom:var(--wp--preset--spacing--1-5-rem);padding-left:var(--wp--preset--spacing--2-rem)\">\r\n                <div class=\"wp-block-group has-global-padding is-layout-constrained wp-block-group-is-layout-constrained\">\r\n                    \r\n                    <div class=\"wp-block-group is-nowrap is-layout-flex wp-container-core-group-is-layout-6c531013 wp-block-group-is-layout-flex\">\r\n                \r\n                    <div class=\"wp-block-group has-border-color has-global-padding is-layout-constrained wp-container-core-group-is-layout-ca37a9ac wp-block-group-is-layout-constrained\" style=\"border-color:var(--wp--custom--color--orange-50);border-width:1px;border-radius:12px;padding-right:16px;padding-left:16px\">\r\n                        <span class=\"has-orange-50-color has-text-color\" style=\"font-size:12px;line-height:2\">Press review<\/span>\r\n                        \r\n                    <\/div>\r\n                    \r\n        \r\n        <p class=\"has-text-align-right has-blue-20-color has-text-color wp-container-content-9cfa9a5a\" style=\"font-size:12px;line-height:2\">09.09.2020<\/p>\r\n        \r\n    <\/div>\r\n    \r\n\r\n    \r\n    <h5 class=\"wp-block-heading has-blue-20-color has-text-color\"><strong><a class=\"has-blue-20-color my-element-button\" href=\"https:\/\/www.sitema.de\/de\/unternehmen\/pressespiegel\/sitema-siforce-guaranteed-safety\/\" title=\"Siehe Neuigkeiten SITEMA SiForce &#8211; guaranteed safety\" >SITEMA SiForce &#8211; guaranteed safety<\/a><\/strong><\/h5>\r\n    \r\n\r\n    \r\n    <p class=\"limit-height-3-lines\" style=\"font-size:12px\">Article published in &#8222;Plastix&#8220; 04\/2020 (in Italian language) Certified Safety Catchers and Safety Brakes protect employees during machine downtime and maintenance on Cannon presses. Pdf of the article (in Italian language) Plastix Website<\/p>\r\n    \r\n<\/div>\r\n\r\n            \r\n            <div class=\"wp-block-buttons is-layout-flex wp-block-buttons-is-layout-flex\">\r\n            <\/div>\r\n            \r\n\r\n<\/div>\r\n\r\n<\/div>\r\n\r\n        \r\n        <div class=\"wp-block-column has-white-background-color has-background is-layout-flow wp-container-core-column-is-layout-8a368f38 wp-block-column-is-layout-flow\">\r\n        <figure class=\"wp-block-image aligncenter size-large news-list__item__image\"><img decoding=\"async\" src=\"https:\/\/www.sitema.de\/wp-content\/uploads\/presse\/2019-10-11_BNN_SITEMA_b.png\" alt=\"SITEMA sichert vor Abst\u00fcrzen &#8211; 40 Jahre SITEMA\" \/><\/figure>\r\n            \r\n    \r\n            \r\n            <div class=\"wp-block-group is-vertical is-layout-flex wp-container-core-group-is-layout-cb2acc6d wp-block-group-is-layout-flex\" style=\"padding-top:var(--wp--preset--spacing--1-5-rem);padding-right:var(--wp--preset--spacing--2-rem);padding-bottom:var(--wp--preset--spacing--1-5-rem);padding-left:var(--wp--preset--spacing--2-rem)\">\r\n                <div class=\"wp-block-group has-global-padding is-layout-constrained wp-block-group-is-layout-constrained\">\r\n                    \r\n                    <div class=\"wp-block-group is-nowrap is-layout-flex wp-container-core-group-is-layout-6c531013 wp-block-group-is-layout-flex\">\r\n                \r\n                    <div class=\"wp-block-group has-border-color has-global-padding is-layout-constrained wp-container-core-group-is-layout-ca37a9ac wp-block-group-is-layout-constrained\" style=\"border-color:var(--wp--custom--color--orange-50);border-width:1px;border-radius:12px;padding-right:16px;padding-left:16px\">\r\n                        <span class=\"has-orange-50-color has-text-color\" style=\"font-size:12px;line-height:2\">Pressespiegel<\/span>\r\n                        \r\n                    <\/div>\r\n                    \r\n        \r\n        <p class=\"has-text-align-right has-blue-20-color has-text-color wp-container-content-9cfa9a5a\" style=\"font-size:12px;line-height:2\">21.10.2019<\/p>\r\n        \r\n    <\/div>\r\n    \r\n\r\n    \r\n    <h5 class=\"wp-block-heading has-blue-20-color has-text-color\"><strong><a class=\"has-blue-20-color my-element-button\" href=\"https:\/\/www.sitema.de\/de\/unternehmen\/pressespiegel\/sitema-sichert-vor-abstuerzen-40-jahre-sitema\/\" title=\"Siehe Neuigkeiten SITEMA sichert vor Abst\u00fcrzen &#8211; 40 Jahre SITEMA\" >SITEMA sichert vor Abst\u00fcrzen &#8211; 40 Jahre SITEMA<\/a><\/strong><\/h5>\r\n    \r\n\r\n    \r\n    <p class=\"limit-height-3-lines\" style=\"font-size:12px\">SITEMA sichert vor Abst\u00fcrzen Karlsruher Unternehmen z\u00e4hlt mit seinen Klemmk\u00f6pfen zu den Weltmarktf\u00fchrern Es ist die Horrorvorstellung jedes Pressenherstellers: Ein Mitarbeiter legt gerade ein neues Materialst\u00fcck in die Maschine ein \u2013 und pl\u00f6tzlich st\u00fcrzt die tonnenschwere Presse nach unten. Die Folgen w\u00e4ren verheerend.Daf\u00fcr, dass solche Katastrophen quasi nie eintreten, sorgt haupts\u00e4chlich ein Karlsruher Unternehmen. Die [&hellip;]<\/p>\r\n    \r\n<\/div>\r\n\r\n            \r\n            <div class=\"wp-block-buttons is-layout-flex wp-block-buttons-is-layout-flex\">\r\n            <\/div>\r\n            \r\n\r\n<\/div>\r\n\r\n<\/div>\r\n\r\n        \r\n        <div class=\"wp-block-column has-white-background-color has-background is-layout-flow wp-container-core-column-is-layout-8a368f38 wp-block-column-is-layout-flow\">\r\n        <figure class=\"wp-block-image aligncenter size-large news-list__item__image\"><img decoding=\"async\" src=\"https:\/\/www.sitema.de\/wp-content\/uploads\/presse\/2019_04_Rhythm_of_Machinery_CaRo.png\" alt=\"Hydraulics &#8211; go for the record!\" \/><\/figure>\r\n            \r\n    \r\n            \r\n            <div class=\"wp-block-group is-vertical is-layout-flex wp-container-core-group-is-layout-cb2acc6d wp-block-group-is-layout-flex\" style=\"padding-top:var(--wp--preset--spacing--1-5-rem);padding-right:var(--wp--preset--spacing--2-rem);padding-bottom:var(--wp--preset--spacing--1-5-rem);padding-left:var(--wp--preset--spacing--2-rem)\">\r\n                <div class=\"wp-block-group has-global-padding is-layout-constrained wp-block-group-is-layout-constrained\">\r\n                    \r\n                    <div class=\"wp-block-group is-nowrap is-layout-flex wp-container-core-group-is-layout-6c531013 wp-block-group-is-layout-flex\">\r\n                \r\n                    <div class=\"wp-block-group has-border-color has-global-padding is-layout-constrained wp-container-core-group-is-layout-ca37a9ac wp-block-group-is-layout-constrained\" style=\"border-color:var(--wp--custom--color--orange-50);border-width:1px;border-radius:12px;padding-right:16px;padding-left:16px\">\r\n                        <span class=\"has-orange-50-color has-text-color\" style=\"font-size:12px;line-height:2\">Press review<\/span>\r\n                        \r\n                    <\/div>\r\n                    \r\n        \r\n        <p class=\"has-text-align-right has-blue-20-color has-text-color wp-container-content-9cfa9a5a\" style=\"font-size:12px;line-height:2\">11.07.2019<\/p>\r\n        \r\n    <\/div>\r\n    \r\n\r\n    \r\n    <h5 class=\"wp-block-heading has-blue-20-color has-text-color\"><strong><a class=\"has-blue-20-color my-element-button\" href=\"https:\/\/www.sitema.de\/de\/unternehmen\/pressespiegel\/hydraulics-go-for-the-record\/\" title=\"Siehe Neuigkeiten Hydraulics &#8211; go for the record!\" >Hydraulics &#8211; go for the record!<\/a><\/strong><\/h5>\r\n    \r\n\r\n    \r\n    <p class=\"limit-height-3-lines\" style=\"font-size:12px\">Article published in Rhythm of Machinery 04\/2019 (in Russian language) Going for the record A presentation of company SITEMA, their record-breaking spring-operated Locking Unit with 2200 kN holding force, and an interview with Managing Director Sales Carsten Rother. Entire article as a pdf file (in Russian language) Link to Rhythm of Machinery website<\/p>\r\n    \r\n<\/div>\r\n\r\n            \r\n            <div class=\"wp-block-buttons is-layout-flex wp-block-buttons-is-layout-flex\">\r\n            <\/div>\r\n            \r\n\r\n<\/div>\r\n\r\n<\/div>\r\n\r\n        \r\n        <div class=\"wp-block-column has-white-background-color has-background is-layout-flow wp-container-core-column-is-layout-8a368f38 wp-block-column-is-layout-flow\">\r\n        <figure class=\"wp-block-image aligncenter size-large news-list__item__image\"><img decoding=\"async\" src=\"https:\/\/www.sitema.de\/wp-content\/uploads\/presse\/2019-06_DEMM_Securing_Suspended_Loads_b.png\" alt=\"Securing Suspended Loads\" \/><\/figure>\r\n            \r\n    \r\n            \r\n            <div class=\"wp-block-group is-vertical is-layout-flex wp-container-core-group-is-layout-cb2acc6d wp-block-group-is-layout-flex\" style=\"padding-top:var(--wp--preset--spacing--1-5-rem);padding-right:var(--wp--preset--spacing--2-rem);padding-bottom:var(--wp--preset--spacing--1-5-rem);padding-left:var(--wp--preset--spacing--2-rem)\">\r\n                <div class=\"wp-block-group has-global-padding is-layout-constrained wp-block-group-is-layout-constrained\">\r\n                    \r\n                    <div class=\"wp-block-group is-nowrap is-layout-flex wp-container-core-group-is-layout-6c531013 wp-block-group-is-layout-flex\">\r\n                \r\n                    <div class=\"wp-block-group has-border-color has-global-padding is-layout-constrained wp-container-core-group-is-layout-ca37a9ac wp-block-group-is-layout-constrained\" style=\"border-color:var(--wp--custom--color--orange-50);border-width:1px;border-radius:12px;padding-right:16px;padding-left:16px\">\r\n                        <span class=\"has-orange-50-color has-text-color\" style=\"font-size:12px;line-height:2\">Press review<\/span>\r\n                        \r\n                    <\/div>\r\n                    \r\n        \r\n        <p class=\"has-text-align-right has-blue-20-color has-text-color wp-container-content-9cfa9a5a\" style=\"font-size:12px;line-height:2\">21.06.2019<\/p>\r\n        \r\n    <\/div>\r\n    \r\n\r\n    \r\n    <h5 class=\"wp-block-heading has-blue-20-color has-text-color\"><strong><a class=\"has-blue-20-color my-element-button\" href=\"https:\/\/www.sitema.de\/de\/unternehmen\/pressespiegel\/securing-suspended-loads\/\" title=\"Siehe Neuigkeiten Securing Suspended Loads\" >Securing Suspended Loads<\/a><\/strong><\/h5>\r\n    \r\n\r\n    \r\n    <p class=\"limit-height-3-lines\" style=\"font-size:12px\">Article published in DEMM 06\/2019 (in English language) Securing Suspended Loads Even on the almost exact other side of the world (seen from Germany), our Clamping Heads are sought after to make machines safer. New Zealand&#8217;s DEMM magazine presents SITEMA Clamping Heads in their June 2019 issue. Entire article as a pdf file (in English [&hellip;]<\/p>\r\n    \r\n<\/div>\r\n\r\n            \r\n            <div class=\"wp-block-buttons is-layout-flex wp-block-buttons-is-layout-flex\">\r\n            <\/div>\r\n            \r\n\r\n<\/div>\r\n\r\n<\/div>\r\n\r\n        \r\n        <div class=\"wp-block-column has-white-background-color has-background is-layout-flow wp-container-core-column-is-layout-8a368f38 wp-block-column-is-layout-flow\">\r\n        <figure class=\"wp-block-image aligncenter size-large news-list__item__image\"><img decoding=\"async\" src=\"https:\/\/www.sitema.de\/wp-content\/uploads\/presse\/2018_11_Fluides__Transmission_SITEMA_FT190_b.png\" alt=\"The drive system FSK by SITEMA\" \/><\/figure>\r\n            \r\n    \r\n            \r\n            <div class=\"wp-block-group is-vertical is-layout-flex wp-container-core-group-is-layout-cb2acc6d wp-block-group-is-layout-flex\" style=\"padding-top:var(--wp--preset--spacing--1-5-rem);padding-right:var(--wp--preset--spacing--2-rem);padding-bottom:var(--wp--preset--spacing--1-5-rem);padding-left:var(--wp--preset--spacing--2-rem)\">\r\n                <div class=\"wp-block-group has-global-padding is-layout-constrained wp-block-group-is-layout-constrained\">\r\n                    \r\n                    <div class=\"wp-block-group is-nowrap is-layout-flex wp-container-core-group-is-layout-6c531013 wp-block-group-is-layout-flex\">\r\n                \r\n                    <div class=\"wp-block-group has-border-color has-global-padding is-layout-constrained wp-container-core-group-is-layout-ca37a9ac wp-block-group-is-layout-constrained\" style=\"border-color:var(--wp--custom--color--orange-50);border-width:1px;border-radius:12px;padding-right:16px;padding-left:16px\">\r\n                        <span class=\"has-orange-50-color has-text-color\" style=\"font-size:12px;line-height:2\">Press review<\/span>\r\n                        \r\n                    <\/div>\r\n                    \r\n        \r\n        <p class=\"has-text-align-right has-blue-20-color has-text-color wp-container-content-9cfa9a5a\" style=\"font-size:12px;line-height:2\">31.01.2019<\/p>\r\n        \r\n    <\/div>\r\n    \r\n\r\n    \r\n    <h5 class=\"wp-block-heading has-blue-20-color has-text-color\"><strong><a class=\"has-blue-20-color my-element-button\" href=\"https:\/\/www.sitema.de\/de\/unternehmen\/pressespiegel\/the-drive-system-fsk-by-sitema\/\" title=\"Siehe Neuigkeiten The drive system FSK by SITEMA\" >The drive system FSK by SITEMA<\/a><\/strong><\/h5>\r\n    \r\n\r\n    \r\n    <p class=\"limit-height-3-lines\" style=\"font-size:12px\">Article published in fluides &amp; TRANSMISSIONS N\u00b0190 &#8211; 11\/2018 (in French language) Safe closing of tools and molds Well known for their safety devices to prevent masses from falling, SITEMA has delveloped an innovative solution to create big forces with a minimum of required energy and in very compact form. This article published in fluides [&hellip;]<\/p>\r\n    \r\n<\/div>\r\n\r\n            \r\n            <div class=\"wp-block-buttons is-layout-flex wp-block-buttons-is-layout-flex\">\r\n            <\/div>\r\n            \r\n\r\n<\/div>\r\n\r\n<\/div>\r\n\r\n    <\/div>\r\n\r\n\r\n<\/section>\r\n\r\n<div class=\"bootstrap-custom-container pattern-news-columns__pagination is-layout-flow wp-block-column-is-layout-flow\">\r\n<nav>\r\n  <ul class=\"pagination  justify-content-end\">\r\n<li class=\"page-item active\"><a class=\"page-link\" href=\"https:\/\/www.sitema.de\/de\/wp-json\/wp\/v2\/pages\/17838\/\">1<\/a><\/li><li class=\"page-item \"><a class=\"page-link\" href=\"https:\/\/www.sitema.de\/de\/wp-json\/wp\/v2\/pages\/17838\/page\/2\/\">2<\/a><\/li><li class=\"page-item \"><a class=\"page-link\" href=\"https:\/\/www.sitema.de\/de\/wp-json\/wp\/v2\/pages\/17838\/page\/3\/\">3<\/a><\/li>\r\n  <\/ul>\r\n<\/nav>\r\n<\/div>\r\n","protected":false},"excerpt":{"rendered":"","protected":false},"author":1,"featured_media":0,"parent":7826,"menu_order":0,"comment_status":"closed","ping_status":"closed","template":"","meta":{"_acf_changed":false,"_seopress_robots_primary_cat":"","_seopress_titles_title":"","_seopress_titles_desc":"","_seopress_robots_index":"","footnotes":""},"class_list":["post-17838","page","type-page","status-publish","hentry"],"acf":[],"_links":{"self":[{"href":"https:\/\/www.sitema.de\/de\/wp-json\/wp\/v2\/pages\/17838","targetHints":{"allow":["GET"]}}],"collection":[{"href":"https:\/\/www.sitema.de\/de\/wp-json\/wp\/v2\/pages"}],"about":[{"href":"https:\/\/www.sitema.de\/de\/wp-json\/wp\/v2\/types\/page"}],"author":[{"embeddable":true,"href":"https:\/\/www.sitema.de\/de\/wp-json\/wp\/v2\/users\/1"}],"replies":[{"embeddable":true,"href":"https:\/\/www.sitema.de\/de\/wp-json\/wp\/v2\/comments?post=17838"}],"version-history":[{"count":1,"href":"https:\/\/www.sitema.de\/de\/wp-json\/wp\/v2\/pages\/17838\/revisions"}],"predecessor-version":[{"id":17841,"href":"https:\/\/www.sitema.de\/de\/wp-json\/wp\/v2\/pages\/17838\/revisions\/17841"}],"up":[{"embeddable":true,"href":"https:\/\/www.sitema.de\/de\/wp-json\/wp\/v2\/pages\/7826"}],"wp:attachment":[{"href":"https:\/\/www.sitema.de\/de\/wp-json\/wp\/v2\/media?parent=17838"}],"curies":[{"name":"wp","href":"https:\/\/api.w.org\/{rel}","templated":true}]}}